{"id":2278,"date":"2023-05-31T17:34:06","date_gmt":"2023-05-31T15:34:06","guid":{"rendered":"https:\/\/dev.deutschlandmuseum.de\/history-museum-berlin\/"},"modified":"2025-08-12T15:49:00","modified_gmt":"2025-08-12T13:49:00","slug":"history","status":"publish","type":"page","link":"https:\/\/staging.deutschlandmuseum.de\/en\/history\/","title":{"rendered":"The Deutschlandmuseum: A History Museum Like No Other"},"content":{"rendered":"\t\t<div data-elementor-type=\"wp-page\" data-elementor-id=\"2278\" class=\"elementor elementor-2278 elementor-1625\" data-elementor-post-type=\"page\">\n\t\t\t\t<div class=\"elementor-element elementor-element-6e00005 e-con-full e-flex e-con e-parent\" data-id=\"6e00005\" data-element_type=\"container\" data-e-type=\"container\" data-settings=\"{&quot;background_background&quot;:&quot;classic&quot;}\">\n\t\t\t\t<div class=\"elementor-element elementor-element-f7d0890 elementor-widget elementor-widget-template\" data-id=\"f7d0890\" data-element_type=\"widget\" data-e-type=\"widget\" data-widget_type=\"template.default\">\n\t\t\t\t<div class=\"elementor-widget-container\">\n\t\t\t\t\t\t\t<div class=\"elementor-template\">\n\t\t\t\t\t<div data-elementor-type=\"container\" data-elementor-id=\"11433\" class=\"elementor elementor-11433\" data-elementor-post-type=\"elementor_library\">\n\t\t\t\t<div class=\"elementor-element elementor-element-47b5b4a e-con-full e-flex e-con e-parent\" data-id=\"47b5b4a\" data-element_type=\"container\" data-e-type=\"container\" data-settings=\"{&quot;background_background&quot;:&quot;classic&quot;}\">\n\t\t<div class=\"elementor-element elementor-element-7f19e36c e-con-full e-flex e-con e-child\" data-id=\"7f19e36c\" data-element_type=\"container\" data-e-type=\"container\" data-settings=\"{&quot;background_background&quot;:&quot;gradient&quot;}\">\n\t\t\t\t<\/div>\n\t\t<div class=\"elementor-element elementor-element-69d8e2af e-flex e-con-boxed e-con e-child\" data-id=\"69d8e2af\" data-element_type=\"container\" data-e-type=\"container\">\n\t\t\t\t\t<div class=\"e-con-inner\">\n\t\t<div class=\"elementor-element elementor-element-35524e27 e-con-full dm-template-headline e-flex e-con e-child\" data-id=\"35524e27\" data-element_type=\"container\" data-e-type=\"container\">\n\t\t\t\t<div class=\"elementor-element elementor-element-71cf523e elementor-widget elementor-widget-heading\" data-id=\"71cf523e\" data-element_type=\"widget\" data-e-type=\"widget\" data-widget_type=\"heading.default\">\n\t\t\t\t<div class=\"elementor-widget-container\">\n\t\t\t\t\t<h1 class=\"elementor-heading-title elementor-size-default\">The Deutschlandmuseum: A History Museum Like No Other<\/h1>\t\t\t\t<\/div>\n\t\t\t\t<\/div>\n\t\t\t\t<\/div>\n\t\t\t\t<div class=\"elementor-element elementor-element-5e39bd8 elementor-widget__width-inherit dm-post-image elementor-widget elementor-widget-image\" data-id=\"5e39bd8\" data-element_type=\"widget\" data-e-type=\"widget\" data-widget_type=\"image.default\">\n\t\t\t\t<div class=\"elementor-widget-container\">\n\t\t\t\t\t\t\t\t\t\t\t\t\t\t\t<img decoding=\"async\" src=\"https:\/\/staging.deutschlandmuseum.de\/wp-content\/uploads\/elementor\/thumbs\/deutschegeschichte-q7c7ns7pvt7w2wwh96qw6k8x0jsp0rok4lbb6t3jg0.jpg\" title=\"deutschegeschichte\" alt=\"Deutschland Museum\" loading=\"lazy\" \/>\t\t\t\t\t\t\t\t\t\t\t\t\t\t\t<\/div>\n\t\t\t\t<\/div>\n\t\t\t\t\t<\/div>\n\t\t\t\t<\/div>\n\t\t\t\t<\/div>\n\t\t\t\t<\/div>\n\t\t\t\t<\/div>\n\t\t\t\t\t\t<\/div>\n\t\t\t\t<\/div>\n\t\t<div class=\"elementor-element elementor-element-4b4e9f4 e-flex e-con-boxed e-con e-child\" data-id=\"4b4e9f4\" data-element_type=\"container\" data-e-type=\"container\">\n\t\t\t\t\t<div class=\"e-con-inner\">\n\t\t<div class=\"elementor-element elementor-element-45a7bf7 e-con-full e-flex e-con e-child\" data-id=\"45a7bf7\" data-element_type=\"container\" data-e-type=\"container\">\n\t\t\t\t<div class=\"elementor-element elementor-element-be3f7bb elementor-widget elementor-widget-heading\" data-id=\"be3f7bb\" data-element_type=\"widget\" data-e-type=\"widget\" data-widget_type=\"heading.default\">\n\t\t\t\t<div class=\"elementor-widget-container\">\n\t\t\t\t\t<h2 class=\"elementor-heading-title elementor-size-default\">The Immersive History Museum in Berlin<\/h2>\t\t\t\t<\/div>\n\t\t\t\t<\/div>\n\t\t\t\t<div class=\"elementor-element elementor-element-d90ce01 elementor-widget__width-initial elementor-widget elementor-widget-text-editor\" data-id=\"d90ce01\" data-element_type=\"widget\" data-e-type=\"widget\" data-widget_type=\"text-editor.default\">\n\t\t\t\t<div class=\"elementor-widget-container\">\n\t\t\t\t\t\t\t\t\t<p class=\"p1\">What do you think of when you hear \u201cGerman History Museum\u201d? Roped-off exhibits, dusty statues, stone fragments and a lot of boredom perhaps? The Museum of German History is different: it is the only history museum of its kind in Berlin where you can take a journey through 2,000 years of German history.  Looking at exhibits through panes of glass? Not at the Deutschlandmuseum &#8211; here you can really experience history. A unique blend of interactive history museum and amusement park adventure awaits you.<\/p>\t\t\t\t\t\t\t\t<\/div>\n\t\t\t\t<\/div>\n\t\t\t\t<div class=\"elementor-element elementor-element-d90c8b7 elementor-widget elementor-widget-heading\" data-id=\"d90c8b7\" data-element_type=\"widget\" data-e-type=\"widget\" data-widget_type=\"heading.default\">\n\t\t\t\t<div class=\"elementor-widget-container\">\n\t\t\t\t\t<h3 class=\"elementor-heading-title elementor-size-default\">History, Like You\u2019ve Never Experienced It<\/h3>\t\t\t\t<\/div>\n\t\t\t\t<\/div>\n\t\t\t\t<div class=\"elementor-element elementor-element-43feb68 elementor-widget__width-initial elementor-widget elementor-widget-text-editor\" data-id=\"43feb68\" data-element_type=\"widget\" data-e-type=\"widget\" data-widget_type=\"text-editor.default\">\n\t\t\t\t<div class=\"elementor-widget-container\">\n\t\t\t\t\t\t\t\t\t<p>The permanent exhibition of the Deutschlandmusuem covers 1,400 m2 and features twelve pivotal moments from defining eras of German history. All of them are set up as life-size sets in individual sections and are full of intricate details. Interactive media, challenging activities and unique artifacts bring each historical moment to life. You can literally get a grip on German history without the need for prior knowledge &#8211; in just one visit and within one hour. The Deutschlandmuseum in Berlin is a history museum that is as exciting as the city itself.<\/p>\t\t\t\t\t\t\t\t<\/div>\n\t\t\t\t<\/div>\n\t\t\t\t<div class=\"elementor-element elementor-element-a6ea7c7 elementor-widget elementor-widget-heading\" data-id=\"a6ea7c7\" data-element_type=\"widget\" data-e-type=\"widget\" data-widget_type=\"heading.default\">\n\t\t\t\t<div class=\"elementor-widget-container\">\n\t\t\t\t\t<h3 class=\"elementor-heading-title elementor-size-default\">2,000 years of German history<\/h3>\t\t\t\t<\/div>\n\t\t\t\t<\/div>\n\t\t\t\t<div class=\"elementor-element elementor-element-e5917a9 elementor-widget elementor-widget-template\" data-id=\"e5917a9\" data-element_type=\"widget\" data-e-type=\"widget\" data-widget_type=\"template.default\">\n\t\t\t\t<div class=\"elementor-widget-container\">\n\t\t\t\t\t\t\t<div class=\"elementor-template\">\n\t\t\t\t\t<div data-elementor-type=\"container\" data-elementor-id=\"16534\" class=\"elementor elementor-16534\" data-elementor-post-type=\"elementor_library\">\n\t\t\t\t<div class=\"elementor-element elementor-element-5d810940 e-con-full e-flex e-con e-child\" data-id=\"5d810940\" data-element_type=\"container\" data-e-type=\"container\" data-settings=\"{&quot;background_background&quot;:&quot;classic&quot;}\">\n\t\t\t\t<div class=\"elementor-element elementor-element-982949f elementor-widget elementor-widget-n-accordion\" data-id=\"982949f\" data-element_type=\"widget\" data-e-type=\"widget\" data-settings=\"{&quot;default_state&quot;:&quot;all_collapsed&quot;,&quot;max_items_expended&quot;:&quot;one&quot;,&quot;n_accordion_animation_duration&quot;:{&quot;unit&quot;:&quot;ms&quot;,&quot;size&quot;:400,&quot;sizes&quot;:[]}}\" data-widget_type=\"nested-accordion.default\">\n\t\t\t\t<div class=\"elementor-widget-container\">\n\t\t\t\t\t\t\t<div class=\"e-n-accordion\" aria-label=\"Accordion. Open links with Enter or Space, close with Escape, and navigate with Arrow Keys\">\n\t\t\t\t\t\t<details id=\"zeitfenster-ticket\" class=\"e-n-accordion-item\" >\n\t\t\t\t<summary class=\"e-n-accordion-item-title\" data-accordion-index=\"1\" tabindex=\"0\" aria-expanded=\"false\" aria-controls=\"zeitfenster-ticket\" >\n\t\t\t\t\t<span class='e-n-accordion-item-title-header'><div class=\"e-n-accordion-item-title-text\"> 9 n. Chr. \u2013 Varusschlacht  <\/div><\/span>\n\t\t\t\t\t\t\t<span class='e-n-accordion-item-title-icon'>\n\t\t\t<span class='e-opened' ><svg xmlns=\"http:\/\/www.w3.org\/2000\/svg\" width=\"45\" height=\"45\" viewBox=\"0 0 45 45\"><g id=\"Gruppe_2552\" data-name=\"Gruppe 2552\" transform=\"translate(-1021 -3793.411)\"><circle id=\"Ellipse_6\" data-name=\"Ellipse 6\" cx=\"22.5\" cy=\"22.5\" r=\"22.5\" transform=\"translate(1066 3838.411) rotate(180)\" fill=\"#740fd9\"><\/circle><line id=\"Linie_13\" data-name=\"Linie 13\" x1=\"17\" transform=\"translate(1052 3815.911) rotate(180)\" fill=\"none\" stroke=\"#f5e8ff\" stroke-width=\"3\"><\/line><\/g><\/svg><\/span>\n\t\t\t<span class='e-closed'><svg xmlns=\"http:\/\/www.w3.org\/2000\/svg\" width=\"45\" height=\"45\" viewBox=\"0 0 45 45\"><g id=\"Gruppe_2553\" data-name=\"Gruppe 2553\" transform=\"translate(-1021 -3793.411)\"><circle id=\"Ellipse_6\" data-name=\"Ellipse 6\" cx=\"22.5\" cy=\"22.5\" r=\"22.5\" transform=\"translate(1066 3838.411) rotate(180)\" fill=\"#740fd9\"><\/circle><line id=\"Linie_13\" data-name=\"Linie 13\" x1=\"17\" transform=\"translate(1052 3815.911) rotate(180)\" fill=\"none\" stroke=\"#f5e8ff\" stroke-width=\"3\"><\/line><line id=\"Linie_14\" data-name=\"Linie 14\" x1=\"17\" transform=\"translate(1043.5 3824.411) rotate(-90)\" fill=\"none\" stroke=\"#f5e8ff\" stroke-width=\"3\"><\/line><\/g><\/svg><\/span>\n\t\t<\/span>\n\n\t\t\t\t\t\t<\/summary>\n\t\t\t\t<div role=\"region\" aria-labelledby=\"zeitfenster-ticket\" class=\"elementor-element elementor-element-ac1ea2a e-con-full e-flex e-con e-child\" data-id=\"ac1ea2a\" data-element_type=\"container\" data-e-type=\"container\">\n\t\t\t\t<div class=\"elementor-element elementor-element-2a832e3 elementor-widget elementor-widget-text-editor\" data-id=\"2a832e3\" data-element_type=\"widget\" data-e-type=\"widget\" data-widget_type=\"text-editor.default\">\n\t\t\t\t<div class=\"elementor-widget-container\">\n\t\t\t\t\t\t\t\t\t<p>Ein B\u00fcndnis germanischer St\u00e4mme unter der F\u00fchrung des Germanen Arminius vernichtet eine fast 20.000 Mann starke r\u00f6mische Armee des Statthalters Varus. Die Niederlage leitet das Ende der r\u00f6mischen Eroberungspl\u00e4ne Germaniens jenseits von Rhein und Donau ein.<\/p>\t\t\t\t\t\t\t\t<\/div>\n\t\t\t\t<\/div>\n\t\t\t\t<\/div>\n\t\t\t\t\t<\/details>\n\t\t\t\t\t\t<details id=\"e-n-accordion-item-1591\" class=\"e-n-accordion-item\" >\n\t\t\t\t<summary class=\"e-n-accordion-item-title\" data-accordion-index=\"2\" tabindex=\"-1\" aria-expanded=\"false\" aria-controls=\"e-n-accordion-item-1591\" >\n\t\t\t\t\t<span class='e-n-accordion-item-title-header'><div class=\"e-n-accordion-item-title-text\"> 500 \u2013 Gr\u00fcndung des Frankenreichs <\/div><\/span>\n\t\t\t\t\t\t\t<span class='e-n-accordion-item-title-icon'>\n\t\t\t<span class='e-opened' ><svg xmlns=\"http:\/\/www.w3.org\/2000\/svg\" width=\"45\" height=\"45\" viewBox=\"0 0 45 45\"><g id=\"Gruppe_2552\" data-name=\"Gruppe 2552\" transform=\"translate(-1021 -3793.411)\"><circle id=\"Ellipse_6\" data-name=\"Ellipse 6\" cx=\"22.5\" cy=\"22.5\" r=\"22.5\" transform=\"translate(1066 3838.411) rotate(180)\" fill=\"#740fd9\"><\/circle><line id=\"Linie_13\" data-name=\"Linie 13\" x1=\"17\" transform=\"translate(1052 3815.911) rotate(180)\" fill=\"none\" stroke=\"#f5e8ff\" stroke-width=\"3\"><\/line><\/g><\/svg><\/span>\n\t\t\t<span class='e-closed'><svg xmlns=\"http:\/\/www.w3.org\/2000\/svg\" width=\"45\" height=\"45\" viewBox=\"0 0 45 45\"><g id=\"Gruppe_2553\" data-name=\"Gruppe 2553\" transform=\"translate(-1021 -3793.411)\"><circle id=\"Ellipse_6\" data-name=\"Ellipse 6\" cx=\"22.5\" cy=\"22.5\" r=\"22.5\" transform=\"translate(1066 3838.411) rotate(180)\" fill=\"#740fd9\"><\/circle><line id=\"Linie_13\" data-name=\"Linie 13\" x1=\"17\" transform=\"translate(1052 3815.911) rotate(180)\" fill=\"none\" stroke=\"#f5e8ff\" stroke-width=\"3\"><\/line><line id=\"Linie_14\" data-name=\"Linie 14\" x1=\"17\" transform=\"translate(1043.5 3824.411) rotate(-90)\" fill=\"none\" stroke=\"#f5e8ff\" stroke-width=\"3\"><\/line><\/g><\/svg><\/span>\n\t\t<\/span>\n\n\t\t\t\t\t\t<\/summary>\n\t\t\t\t<div role=\"region\" aria-labelledby=\"e-n-accordion-item-1591\" class=\"elementor-element elementor-element-2d5a275 e-con-full e-flex e-con e-child\" data-id=\"2d5a275\" data-element_type=\"container\" data-e-type=\"container\">\n\t\t\t\t<div class=\"elementor-element elementor-element-7b475af elementor-widget elementor-widget-text-editor\" data-id=\"7b475af\" data-element_type=\"widget\" data-e-type=\"widget\" data-widget_type=\"text-editor.default\">\n\t\t\t\t<div class=\"elementor-widget-container\">\n\t\t\t\t\t\t\t\t\t<p>Nach dem Niedergang des Westr\u00f6mischen Reiches entwickeln sich die Franken zur vorherrschenden Macht in Mitteleuropa. Das fr\u00e4nkische Reich bildet die Grundlage f\u00fcr die sp\u00e4tere Entwicklung der franz\u00f6sischen und deutschen Nation.<\/p>\t\t\t\t\t\t\t\t<\/div>\n\t\t\t\t<\/div>\n\t\t\t\t<\/div>\n\t\t\t\t\t<\/details>\n\t\t\t\t\t\t<details id=\"flex-ticket\" class=\"e-n-accordion-item\" >\n\t\t\t\t<summary class=\"e-n-accordion-item-title\" data-accordion-index=\"3\" tabindex=\"-1\" aria-expanded=\"false\" aria-controls=\"flex-ticket\" >\n\t\t\t\t\t<span class='e-n-accordion-item-title-header'><div class=\"e-n-accordion-item-title-text\"> 772 \u2013 Osterweiterung des Frankenreichs <\/div><\/span>\n\t\t\t\t\t\t\t<span class='e-n-accordion-item-title-icon'>\n\t\t\t<span class='e-opened' ><svg xmlns=\"http:\/\/www.w3.org\/2000\/svg\" width=\"45\" height=\"45\" viewBox=\"0 0 45 45\"><g id=\"Gruppe_2552\" data-name=\"Gruppe 2552\" transform=\"translate(-1021 -3793.411)\"><circle id=\"Ellipse_6\" data-name=\"Ellipse 6\" cx=\"22.5\" cy=\"22.5\" r=\"22.5\" transform=\"translate(1066 3838.411) rotate(180)\" fill=\"#740fd9\"><\/circle><line id=\"Linie_13\" data-name=\"Linie 13\" x1=\"17\" transform=\"translate(1052 3815.911) rotate(180)\" fill=\"none\" stroke=\"#f5e8ff\" stroke-width=\"3\"><\/line><\/g><\/svg><\/span>\n\t\t\t<span class='e-closed'><svg xmlns=\"http:\/\/www.w3.org\/2000\/svg\" width=\"45\" height=\"45\" viewBox=\"0 0 45 45\"><g id=\"Gruppe_2553\" data-name=\"Gruppe 2553\" transform=\"translate(-1021 -3793.411)\"><circle id=\"Ellipse_6\" data-name=\"Ellipse 6\" cx=\"22.5\" cy=\"22.5\" r=\"22.5\" transform=\"translate(1066 3838.411) rotate(180)\" fill=\"#740fd9\"><\/circle><line id=\"Linie_13\" data-name=\"Linie 13\" x1=\"17\" transform=\"translate(1052 3815.911) rotate(180)\" fill=\"none\" stroke=\"#f5e8ff\" stroke-width=\"3\"><\/line><line id=\"Linie_14\" data-name=\"Linie 14\" x1=\"17\" transform=\"translate(1043.5 3824.411) rotate(-90)\" fill=\"none\" stroke=\"#f5e8ff\" stroke-width=\"3\"><\/line><\/g><\/svg><\/span>\n\t\t<\/span>\n\n\t\t\t\t\t\t<\/summary>\n\t\t\t\t<div role=\"region\" aria-labelledby=\"flex-ticket\" class=\"elementor-element elementor-element-008e2aa e-con-full e-flex e-con e-child\" data-id=\"008e2aa\" data-element_type=\"container\" data-e-type=\"container\">\n\t\t\t\t<div class=\"elementor-element elementor-element-2946c8a elementor-widget elementor-widget-text-editor\" data-id=\"2946c8a\" data-element_type=\"widget\" data-e-type=\"widget\" data-widget_type=\"text-editor.default\">\n\t\t\t\t<div class=\"elementor-widget-container\">\n\t\t\t\t\t\t\t\t\t<p>Die Ausdehnung des Frankenreichs geht oft mit der Missionierung der heidnischen Bev\u00f6lkerung einher. Die Sachsen widersetzen sich dem jahrelang, die blutigen Sachsenkriege enden erst 804 mit der Eingliederung Sachsens ins Reich.<\/p>\t\t\t\t\t\t\t\t<\/div>\n\t\t\t\t<\/div>\n\t\t\t\t<\/div>\n\t\t\t\t\t<\/details>\n\t\t\t\t\t\t<details id=\"e-n-accordion-item-1593\" class=\"e-n-accordion-item\" >\n\t\t\t\t<summary class=\"e-n-accordion-item-title\" data-accordion-index=\"4\" tabindex=\"-1\" aria-expanded=\"false\" aria-controls=\"e-n-accordion-item-1593\" >\n\t\t\t\t\t<span class='e-n-accordion-item-title-header'><div class=\"e-n-accordion-item-title-text\"> 800 \u2013 Kaiserkr\u00f6nung Karls des Gro\u00dfen <\/div><\/span>\n\t\t\t\t\t\t\t<span class='e-n-accordion-item-title-icon'>\n\t\t\t<span class='e-opened' ><svg xmlns=\"http:\/\/www.w3.org\/2000\/svg\" width=\"45\" height=\"45\" viewBox=\"0 0 45 45\"><g id=\"Gruppe_2552\" data-name=\"Gruppe 2552\" transform=\"translate(-1021 -3793.411)\"><circle id=\"Ellipse_6\" data-name=\"Ellipse 6\" cx=\"22.5\" cy=\"22.5\" r=\"22.5\" transform=\"translate(1066 3838.411) rotate(180)\" fill=\"#740fd9\"><\/circle><line id=\"Linie_13\" data-name=\"Linie 13\" x1=\"17\" transform=\"translate(1052 3815.911) rotate(180)\" fill=\"none\" stroke=\"#f5e8ff\" stroke-width=\"3\"><\/line><\/g><\/svg><\/span>\n\t\t\t<span class='e-closed'><svg xmlns=\"http:\/\/www.w3.org\/2000\/svg\" width=\"45\" height=\"45\" viewBox=\"0 0 45 45\"><g id=\"Gruppe_2553\" data-name=\"Gruppe 2553\" transform=\"translate(-1021 -3793.411)\"><circle id=\"Ellipse_6\" data-name=\"Ellipse 6\" cx=\"22.5\" cy=\"22.5\" r=\"22.5\" transform=\"translate(1066 3838.411) rotate(180)\" fill=\"#740fd9\"><\/circle><line id=\"Linie_13\" data-name=\"Linie 13\" x1=\"17\" transform=\"translate(1052 3815.911) rotate(180)\" fill=\"none\" stroke=\"#f5e8ff\" stroke-width=\"3\"><\/line><line id=\"Linie_14\" data-name=\"Linie 14\" x1=\"17\" transform=\"translate(1043.5 3824.411) rotate(-90)\" fill=\"none\" stroke=\"#f5e8ff\" stroke-width=\"3\"><\/line><\/g><\/svg><\/span>\n\t\t<\/span>\n\n\t\t\t\t\t\t<\/summary>\n\t\t\t\t<div role=\"region\" aria-labelledby=\"e-n-accordion-item-1593\" class=\"elementor-element elementor-element-91c16f7 e-con-full e-flex e-con e-child\" data-id=\"91c16f7\" data-element_type=\"container\" data-e-type=\"container\">\n\t\t\t\t<div class=\"elementor-element elementor-element-8731667 elementor-widget elementor-widget-text-editor\" data-id=\"8731667\" data-element_type=\"widget\" data-e-type=\"widget\" data-widget_type=\"text-editor.default\">\n\t\t\t\t<div class=\"elementor-widget-container\">\n\t\t\t\t\t\t\t\t\t<p>Aufgrund seiner milit\u00e4rischen und politischen Erfolge wird Karl der Gro\u00dfe vom Papst zum Kaiser gekr\u00f6nt. Nach dem Untergang des westr\u00f6mischen Kaisertums etabliert sich dieses (germanische) Kaisertum als Vorbild f\u00fcr alle mittelalterlichen europ\u00e4ischen Kaiser.<\/p>\t\t\t\t\t\t\t\t<\/div>\n\t\t\t\t<\/div>\n\t\t\t\t<\/div>\n\t\t\t\t\t<\/details>\n\t\t\t\t\t\t<details id=\"e-n-accordion-item-1594\" class=\"e-n-accordion-item\" >\n\t\t\t\t<summary class=\"e-n-accordion-item-title\" data-accordion-index=\"5\" tabindex=\"-1\" aria-expanded=\"false\" aria-controls=\"e-n-accordion-item-1594\" >\n\t\t\t\t\t<span class='e-n-accordion-item-title-header'><div class=\"e-n-accordion-item-title-text\"> 843 \u2013 Teilung des Frankenreichs, Entstehung des Ostfrankenreichs <\/div><\/span>\n\t\t\t\t\t\t\t<span class='e-n-accordion-item-title-icon'>\n\t\t\t<span class='e-opened' ><svg xmlns=\"http:\/\/www.w3.org\/2000\/svg\" width=\"45\" height=\"45\" viewBox=\"0 0 45 45\"><g id=\"Gruppe_2552\" data-name=\"Gruppe 2552\" transform=\"translate(-1021 -3793.411)\"><circle id=\"Ellipse_6\" data-name=\"Ellipse 6\" cx=\"22.5\" cy=\"22.5\" r=\"22.5\" transform=\"translate(1066 3838.411) rotate(180)\" fill=\"#740fd9\"><\/circle><line id=\"Linie_13\" data-name=\"Linie 13\" x1=\"17\" transform=\"translate(1052 3815.911) rotate(180)\" fill=\"none\" stroke=\"#f5e8ff\" stroke-width=\"3\"><\/line><\/g><\/svg><\/span>\n\t\t\t<span class='e-closed'><svg xmlns=\"http:\/\/www.w3.org\/2000\/svg\" width=\"45\" height=\"45\" viewBox=\"0 0 45 45\"><g id=\"Gruppe_2553\" data-name=\"Gruppe 2553\" transform=\"translate(-1021 -3793.411)\"><circle id=\"Ellipse_6\" data-name=\"Ellipse 6\" cx=\"22.5\" cy=\"22.5\" r=\"22.5\" transform=\"translate(1066 3838.411) rotate(180)\" fill=\"#740fd9\"><\/circle><line id=\"Linie_13\" data-name=\"Linie 13\" x1=\"17\" transform=\"translate(1052 3815.911) rotate(180)\" fill=\"none\" stroke=\"#f5e8ff\" stroke-width=\"3\"><\/line><line id=\"Linie_14\" data-name=\"Linie 14\" x1=\"17\" transform=\"translate(1043.5 3824.411) rotate(-90)\" fill=\"none\" stroke=\"#f5e8ff\" stroke-width=\"3\"><\/line><\/g><\/svg><\/span>\n\t\t<\/span>\n\n\t\t\t\t\t\t<\/summary>\n\t\t\t\t<div role=\"region\" aria-labelledby=\"e-n-accordion-item-1594\" class=\"elementor-element elementor-element-a1c67f6 e-con-full e-flex e-con e-child\" data-id=\"a1c67f6\" data-element_type=\"container\" data-e-type=\"container\">\n\t\t\t\t<div class=\"elementor-element elementor-element-d55d35e elementor-widget elementor-widget-text-editor\" data-id=\"d55d35e\" data-element_type=\"widget\" data-e-type=\"widget\" data-widget_type=\"text-editor.default\">\n\t\t\t\t<div class=\"elementor-widget-container\">\n\t\t\t\t\t\t\t\t\t<p>Rivalit\u00e4ten innerhalb der karolingischen Herrscherfamilie f\u00fchren zur Dreiteilung des Frankenreichs im Vertrag von Verdun: West- und Ostfrankenreich bilden die Grundlage des sp\u00e4teren Frankreichs bzw. des Heiligen R\u00f6misches Reichs (Deutscher Nation).<\/p>\t\t\t\t\t\t\t\t<\/div>\n\t\t\t\t<\/div>\n\t\t\t\t<\/div>\n\t\t\t\t\t<\/details>\n\t\t\t\t\t\t<details id=\"e-n-accordion-item-1595\" class=\"e-n-accordion-item\" >\n\t\t\t\t<summary class=\"e-n-accordion-item-title\" data-accordion-index=\"6\" tabindex=\"-1\" aria-expanded=\"false\" aria-controls=\"e-n-accordion-item-1595\" >\n\t\t\t\t\t<span class='e-n-accordion-item-title-header'><div class=\"e-n-accordion-item-title-text\"> 955 \u2013 Schlacht auf dem Lechfeld <\/div><\/span>\n\t\t\t\t\t\t\t<span class='e-n-accordion-item-title-icon'>\n\t\t\t<span class='e-opened' ><svg xmlns=\"http:\/\/www.w3.org\/2000\/svg\" width=\"45\" height=\"45\" viewBox=\"0 0 45 45\"><g id=\"Gruppe_2552\" data-name=\"Gruppe 2552\" transform=\"translate(-1021 -3793.411)\"><circle id=\"Ellipse_6\" data-name=\"Ellipse 6\" cx=\"22.5\" cy=\"22.5\" r=\"22.5\" transform=\"translate(1066 3838.411) rotate(180)\" fill=\"#740fd9\"><\/circle><line id=\"Linie_13\" data-name=\"Linie 13\" x1=\"17\" transform=\"translate(1052 3815.911) rotate(180)\" fill=\"none\" stroke=\"#f5e8ff\" stroke-width=\"3\"><\/line><\/g><\/svg><\/span>\n\t\t\t<span class='e-closed'><svg xmlns=\"http:\/\/www.w3.org\/2000\/svg\" width=\"45\" height=\"45\" viewBox=\"0 0 45 45\"><g id=\"Gruppe_2553\" data-name=\"Gruppe 2553\" transform=\"translate(-1021 -3793.411)\"><circle id=\"Ellipse_6\" data-name=\"Ellipse 6\" cx=\"22.5\" cy=\"22.5\" r=\"22.5\" transform=\"translate(1066 3838.411) rotate(180)\" fill=\"#740fd9\"><\/circle><line id=\"Linie_13\" data-name=\"Linie 13\" x1=\"17\" transform=\"translate(1052 3815.911) rotate(180)\" fill=\"none\" stroke=\"#f5e8ff\" stroke-width=\"3\"><\/line><line id=\"Linie_14\" data-name=\"Linie 14\" x1=\"17\" transform=\"translate(1043.5 3824.411) rotate(-90)\" fill=\"none\" stroke=\"#f5e8ff\" stroke-width=\"3\"><\/line><\/g><\/svg><\/span>\n\t\t<\/span>\n\n\t\t\t\t\t\t<\/summary>\n\t\t\t\t<div role=\"region\" aria-labelledby=\"e-n-accordion-item-1595\" class=\"elementor-element elementor-element-264ca8a e-con-full e-flex e-con e-child\" data-id=\"264ca8a\" data-element_type=\"container\" data-e-type=\"container\">\n\t\t\t\t<div class=\"elementor-element elementor-element-933a66c elementor-widget elementor-widget-text-editor\" data-id=\"933a66c\" data-element_type=\"widget\" data-e-type=\"widget\" data-widget_type=\"text-editor.default\">\n\t\t\t\t<div class=\"elementor-widget-container\">\n\t\t\t\t\t\t\t\t\t<p>Jahrzehntelang suchte das Reitervolk der Ungarn das Ostfrankenreich mit Raubz\u00fcgen heim. Auf dem Lechfeld gelang es dem ostfr\u00e4nkischen K\u00f6nig Otto, die Ungarn endg\u00fcltig zu besiegen und dadurch das Reich zu sichern sowie seine Macht zu festigen.<\/p>\t\t\t\t\t\t\t\t<\/div>\n\t\t\t\t<\/div>\n\t\t\t\t<\/div>\n\t\t\t\t\t<\/details>\n\t\t\t\t\t\t<details id=\"e-n-accordion-item-1596\" class=\"e-n-accordion-item\" >\n\t\t\t\t<summary class=\"e-n-accordion-item-title\" data-accordion-index=\"7\" tabindex=\"-1\" aria-expanded=\"false\" aria-controls=\"e-n-accordion-item-1596\" >\n\t\t\t\t\t<span class='e-n-accordion-item-title-header'><div class=\"e-n-accordion-item-title-text\"> 962 \u2013 Gr\u00fcndung des Heiligen R\u00f6mischen Reichs <\/div><\/span>\n\t\t\t\t\t\t\t<span class='e-n-accordion-item-title-icon'>\n\t\t\t<span class='e-opened' ><svg xmlns=\"http:\/\/www.w3.org\/2000\/svg\" width=\"45\" height=\"45\" viewBox=\"0 0 45 45\"><g id=\"Gruppe_2552\" data-name=\"Gruppe 2552\" transform=\"translate(-1021 -3793.411)\"><circle id=\"Ellipse_6\" data-name=\"Ellipse 6\" cx=\"22.5\" cy=\"22.5\" r=\"22.5\" transform=\"translate(1066 3838.411) rotate(180)\" fill=\"#740fd9\"><\/circle><line id=\"Linie_13\" data-name=\"Linie 13\" x1=\"17\" transform=\"translate(1052 3815.911) rotate(180)\" fill=\"none\" stroke=\"#f5e8ff\" stroke-width=\"3\"><\/line><\/g><\/svg><\/span>\n\t\t\t<span class='e-closed'><svg xmlns=\"http:\/\/www.w3.org\/2000\/svg\" width=\"45\" height=\"45\" viewBox=\"0 0 45 45\"><g id=\"Gruppe_2553\" data-name=\"Gruppe 2553\" transform=\"translate(-1021 -3793.411)\"><circle id=\"Ellipse_6\" data-name=\"Ellipse 6\" cx=\"22.5\" cy=\"22.5\" r=\"22.5\" transform=\"translate(1066 3838.411) rotate(180)\" fill=\"#740fd9\"><\/circle><line id=\"Linie_13\" data-name=\"Linie 13\" x1=\"17\" transform=\"translate(1052 3815.911) rotate(180)\" fill=\"none\" stroke=\"#f5e8ff\" stroke-width=\"3\"><\/line><line id=\"Linie_14\" data-name=\"Linie 14\" x1=\"17\" transform=\"translate(1043.5 3824.411) rotate(-90)\" fill=\"none\" stroke=\"#f5e8ff\" stroke-width=\"3\"><\/line><\/g><\/svg><\/span>\n\t\t<\/span>\n\n\t\t\t\t\t\t<\/summary>\n\t\t\t\t<div role=\"region\" aria-labelledby=\"e-n-accordion-item-1596\" class=\"elementor-element elementor-element-c01d3ce e-con-full e-flex e-con e-child\" data-id=\"c01d3ce\" data-element_type=\"container\" data-e-type=\"container\">\n\t\t\t\t<div class=\"elementor-element elementor-element-777ddc4 elementor-widget elementor-widget-text-editor\" data-id=\"777ddc4\" data-element_type=\"widget\" data-e-type=\"widget\" data-widget_type=\"text-editor.default\">\n\t\t\t\t<div class=\"elementor-widget-container\">\n\t\t\t\t\t\t\t\t\t<p>Die Kr\u00f6nung des ostfr\u00e4nkischen K\u00f6nigs Otto zum Kaiser am <a href=\"https:\/\/www.deutschlandmuseum.de\/geschichte\/kalender\/962-02-02-das-heilige-roemische-reich-wird-gegruendet\/\">2. Februar 962<\/a> gilt als Beginn des Heiligen R\u00f6mischen Reichs. Bewusst wird dabei auf Karl den Gro\u00dfen zur\u00fcckgegriffen und die Tradition der mittelalterlichen Kaiserkr\u00f6nungen begr\u00fcndet.<\/p>\t\t\t\t\t\t\t\t<\/div>\n\t\t\t\t<\/div>\n\t\t\t\t<\/div>\n\t\t\t\t\t<\/details>\n\t\t\t\t\t\t<details id=\"e-n-accordion-item-1597\" class=\"e-n-accordion-item\" >\n\t\t\t\t<summary class=\"e-n-accordion-item-title\" data-accordion-index=\"8\" tabindex=\"-1\" aria-expanded=\"false\" aria-controls=\"e-n-accordion-item-1597\" >\n\t\t\t\t\t<span class='e-n-accordion-item-title-header'><div class=\"e-n-accordion-item-title-text\"> 1077 \u2013 Gang nach Canossa <\/div><\/span>\n\t\t\t\t\t\t\t<span class='e-n-accordion-item-title-icon'>\n\t\t\t<span class='e-opened' ><svg xmlns=\"http:\/\/www.w3.org\/2000\/svg\" width=\"45\" height=\"45\" viewBox=\"0 0 45 45\"><g id=\"Gruppe_2552\" data-name=\"Gruppe 2552\" transform=\"translate(-1021 -3793.411)\"><circle id=\"Ellipse_6\" data-name=\"Ellipse 6\" cx=\"22.5\" cy=\"22.5\" r=\"22.5\" transform=\"translate(1066 3838.411) rotate(180)\" fill=\"#740fd9\"><\/circle><line id=\"Linie_13\" data-name=\"Linie 13\" x1=\"17\" transform=\"translate(1052 3815.911) rotate(180)\" fill=\"none\" stroke=\"#f5e8ff\" stroke-width=\"3\"><\/line><\/g><\/svg><\/span>\n\t\t\t<span class='e-closed'><svg xmlns=\"http:\/\/www.w3.org\/2000\/svg\" width=\"45\" height=\"45\" viewBox=\"0 0 45 45\"><g id=\"Gruppe_2553\" data-name=\"Gruppe 2553\" transform=\"translate(-1021 -3793.411)\"><circle id=\"Ellipse_6\" data-name=\"Ellipse 6\" cx=\"22.5\" cy=\"22.5\" r=\"22.5\" transform=\"translate(1066 3838.411) rotate(180)\" fill=\"#740fd9\"><\/circle><line id=\"Linie_13\" data-name=\"Linie 13\" x1=\"17\" transform=\"translate(1052 3815.911) rotate(180)\" fill=\"none\" stroke=\"#f5e8ff\" stroke-width=\"3\"><\/line><line id=\"Linie_14\" data-name=\"Linie 14\" x1=\"17\" transform=\"translate(1043.5 3824.411) rotate(-90)\" fill=\"none\" stroke=\"#f5e8ff\" stroke-width=\"3\"><\/line><\/g><\/svg><\/span>\n\t\t<\/span>\n\n\t\t\t\t\t\t<\/summary>\n\t\t\t\t<div role=\"region\" aria-labelledby=\"e-n-accordion-item-1597\" class=\"elementor-element elementor-element-e09404a e-con-full e-flex e-con e-child\" data-id=\"e09404a\" data-element_type=\"container\" data-e-type=\"container\">\n\t\t\t\t<div class=\"elementor-element elementor-element-0e18c93 elementor-widget elementor-widget-text-editor\" data-id=\"0e18c93\" data-element_type=\"widget\" data-e-type=\"widget\" data-widget_type=\"text-editor.default\">\n\t\t\t\t<div class=\"elementor-widget-container\">\n\t\t\t\t\t\t\t\t\t<p>Nachdem Kaiser Heinrich IV. im Machtkampf mit dem Papst exkommuniziert wurde, muss er diesen im <a href=\"https:\/\/www.deutschlandmuseum.de\/geschichte\/kalender\/1077-01-25-investiturstreit-zwischen-koenig-und-papst\/\">Januar 1077<\/a> bei Canossa um Vergebung bitten. Die dem\u00fctigende Handlung schw\u00e4cht die kaiserliche Macht, der Gang nach Canossa wird zum Symbol politischer Unterwerfung.<\/p>\t\t\t\t\t\t\t\t<\/div>\n\t\t\t\t<\/div>\n\t\t\t\t<\/div>\n\t\t\t\t\t<\/details>\n\t\t\t\t\t\t<details id=\"e-n-accordion-item-1598\" class=\"e-n-accordion-item\" >\n\t\t\t\t<summary class=\"e-n-accordion-item-title\" data-accordion-index=\"9\" tabindex=\"-1\" aria-expanded=\"false\" aria-controls=\"e-n-accordion-item-1598\" >\n\t\t\t\t\t<span class='e-n-accordion-item-title-header'><div class=\"e-n-accordion-item-title-text\"> 1212 \u2013 Kr\u00f6nung Friedrichs II. <\/div><\/span>\n\t\t\t\t\t\t\t<span class='e-n-accordion-item-title-icon'>\n\t\t\t<span class='e-opened' ><svg xmlns=\"http:\/\/www.w3.org\/2000\/svg\" width=\"45\" height=\"45\" viewBox=\"0 0 45 45\"><g id=\"Gruppe_2552\" data-name=\"Gruppe 2552\" transform=\"translate(-1021 -3793.411)\"><circle id=\"Ellipse_6\" data-name=\"Ellipse 6\" cx=\"22.5\" cy=\"22.5\" r=\"22.5\" transform=\"translate(1066 3838.411) rotate(180)\" fill=\"#740fd9\"><\/circle><line id=\"Linie_13\" data-name=\"Linie 13\" x1=\"17\" transform=\"translate(1052 3815.911) rotate(180)\" fill=\"none\" stroke=\"#f5e8ff\" stroke-width=\"3\"><\/line><\/g><\/svg><\/span>\n\t\t\t<span class='e-closed'><svg xmlns=\"http:\/\/www.w3.org\/2000\/svg\" width=\"45\" height=\"45\" viewBox=\"0 0 45 45\"><g id=\"Gruppe_2553\" data-name=\"Gruppe 2553\" transform=\"translate(-1021 -3793.411)\"><circle id=\"Ellipse_6\" data-name=\"Ellipse 6\" cx=\"22.5\" cy=\"22.5\" r=\"22.5\" transform=\"translate(1066 3838.411) rotate(180)\" fill=\"#740fd9\"><\/circle><line id=\"Linie_13\" data-name=\"Linie 13\" x1=\"17\" transform=\"translate(1052 3815.911) rotate(180)\" fill=\"none\" stroke=\"#f5e8ff\" stroke-width=\"3\"><\/line><line id=\"Linie_14\" data-name=\"Linie 14\" x1=\"17\" transform=\"translate(1043.5 3824.411) rotate(-90)\" fill=\"none\" stroke=\"#f5e8ff\" stroke-width=\"3\"><\/line><\/g><\/svg><\/span>\n\t\t<\/span>\n\n\t\t\t\t\t\t<\/summary>\n\t\t\t\t<div role=\"region\" aria-labelledby=\"e-n-accordion-item-1598\" class=\"elementor-element elementor-element-f765b03 e-con-full e-flex e-con e-child\" data-id=\"f765b03\" data-element_type=\"container\" data-e-type=\"container\">\n\t\t\t\t<div class=\"elementor-element elementor-element-2fbc43a elementor-widget elementor-widget-text-editor\" data-id=\"2fbc43a\" data-element_type=\"widget\" data-e-type=\"widget\" data-widget_type=\"text-editor.default\">\n\t\t\t\t<div class=\"elementor-widget-container\">\n\t\t\t\t\t\t\t\t\t<p>Um seine Macht als K\u00f6nig zu sichern, tritt Friedrich II. den weltlichen und geistlichen Reichsf\u00fcrsten k\u00f6nigliche Hoheitsrechte ab. Es ist ein entscheidender Schritt f\u00fcr die f\u00f6deralistische Entwicklung, welche die Geschichte Deutschlands pr\u00e4gt.<\/p>\t\t\t\t\t\t\t\t<\/div>\n\t\t\t\t<\/div>\n\t\t\t\t<\/div>\n\t\t\t\t\t<\/details>\n\t\t\t\t\t\t<details id=\"e-n-accordion-item-1599\" class=\"e-n-accordion-item\" >\n\t\t\t\t<summary class=\"e-n-accordion-item-title\" data-accordion-index=\"10\" tabindex=\"-1\" aria-expanded=\"false\" aria-controls=\"e-n-accordion-item-1599\" >\n\t\t\t\t\t<span class='e-n-accordion-item-title-header'><div class=\"e-n-accordion-item-title-text\"> 1356 \u2013 Goldene Bulle <\/div><\/span>\n\t\t\t\t\t\t\t<span class='e-n-accordion-item-title-icon'>\n\t\t\t<span class='e-opened' ><svg xmlns=\"http:\/\/www.w3.org\/2000\/svg\" width=\"45\" height=\"45\" viewBox=\"0 0 45 45\"><g id=\"Gruppe_2552\" data-name=\"Gruppe 2552\" transform=\"translate(-1021 -3793.411)\"><circle id=\"Ellipse_6\" data-name=\"Ellipse 6\" cx=\"22.5\" cy=\"22.5\" r=\"22.5\" transform=\"translate(1066 3838.411) rotate(180)\" fill=\"#740fd9\"><\/circle><line id=\"Linie_13\" data-name=\"Linie 13\" x1=\"17\" transform=\"translate(1052 3815.911) rotate(180)\" fill=\"none\" stroke=\"#f5e8ff\" stroke-width=\"3\"><\/line><\/g><\/svg><\/span>\n\t\t\t<span class='e-closed'><svg xmlns=\"http:\/\/www.w3.org\/2000\/svg\" width=\"45\" height=\"45\" viewBox=\"0 0 45 45\"><g id=\"Gruppe_2553\" data-name=\"Gruppe 2553\" transform=\"translate(-1021 -3793.411)\"><circle id=\"Ellipse_6\" data-name=\"Ellipse 6\" cx=\"22.5\" cy=\"22.5\" r=\"22.5\" transform=\"translate(1066 3838.411) rotate(180)\" fill=\"#740fd9\"><\/circle><line id=\"Linie_13\" data-name=\"Linie 13\" x1=\"17\" transform=\"translate(1052 3815.911) rotate(180)\" fill=\"none\" stroke=\"#f5e8ff\" stroke-width=\"3\"><\/line><line id=\"Linie_14\" data-name=\"Linie 14\" x1=\"17\" transform=\"translate(1043.5 3824.411) rotate(-90)\" fill=\"none\" stroke=\"#f5e8ff\" stroke-width=\"3\"><\/line><\/g><\/svg><\/span>\n\t\t<\/span>\n\n\t\t\t\t\t\t<\/summary>\n\t\t\t\t<div role=\"region\" aria-labelledby=\"e-n-accordion-item-1599\" class=\"elementor-element elementor-element-643b3a3 e-con-full e-flex e-con e-child\" data-id=\"643b3a3\" data-element_type=\"container\" data-e-type=\"container\">\n\t\t\t\t<div class=\"elementor-element elementor-element-89e0458 elementor-widget elementor-widget-text-editor\" data-id=\"89e0458\" data-element_type=\"widget\" data-e-type=\"widget\" data-widget_type=\"text-editor.default\">\n\t\t\t\t<div class=\"elementor-widget-container\">\n\t\t\t\t\t\t\t\t\t<p>Das am <a href=\"https:\/\/www.deutschlandmuseum.de\/geschichte\/kalender\/1356-01-10-verkuendung-der-goldenen-bulle\/\">10. Januar 1356<\/a> ver\u00f6ffentlichte Gesetzbuch mit seinen Goldsiegeln (Bullen) regelt die Wahl der deutschen K\u00f6nige durch die Kurf\u00fcrsten. Dieses wichtige Verfassungsdokument des Heiligen R\u00f6mischen Reiches Deutscher Nation gilt als eine der Grundlagen der Demokratie in Europa.<\/p>\t\t\t\t\t\t\t\t<\/div>\n\t\t\t\t<\/div>\n\t\t\t\t<\/div>\n\t\t\t\t\t<\/details>\n\t\t\t\t\t\t<details id=\"e-n-accordion-item-15910\" class=\"e-n-accordion-item\" >\n\t\t\t\t<summary class=\"e-n-accordion-item-title\" data-accordion-index=\"11\" tabindex=\"-1\" aria-expanded=\"false\" aria-controls=\"e-n-accordion-item-15910\" >\n\t\t\t\t\t<span class='e-n-accordion-item-title-header'><div class=\"e-n-accordion-item-title-text\"> 1517 \u2013 Thesenanschlag Martin Luthers <\/div><\/span>\n\t\t\t\t\t\t\t<span class='e-n-accordion-item-title-icon'>\n\t\t\t<span class='e-opened' ><svg xmlns=\"http:\/\/www.w3.org\/2000\/svg\" width=\"45\" height=\"45\" viewBox=\"0 0 45 45\"><g id=\"Gruppe_2552\" data-name=\"Gruppe 2552\" transform=\"translate(-1021 -3793.411)\"><circle id=\"Ellipse_6\" data-name=\"Ellipse 6\" cx=\"22.5\" cy=\"22.5\" r=\"22.5\" transform=\"translate(1066 3838.411) rotate(180)\" fill=\"#740fd9\"><\/circle><line id=\"Linie_13\" data-name=\"Linie 13\" x1=\"17\" transform=\"translate(1052 3815.911) rotate(180)\" fill=\"none\" stroke=\"#f5e8ff\" stroke-width=\"3\"><\/line><\/g><\/svg><\/span>\n\t\t\t<span class='e-closed'><svg xmlns=\"http:\/\/www.w3.org\/2000\/svg\" width=\"45\" height=\"45\" viewBox=\"0 0 45 45\"><g id=\"Gruppe_2553\" data-name=\"Gruppe 2553\" transform=\"translate(-1021 -3793.411)\"><circle id=\"Ellipse_6\" data-name=\"Ellipse 6\" cx=\"22.5\" cy=\"22.5\" r=\"22.5\" transform=\"translate(1066 3838.411) rotate(180)\" fill=\"#740fd9\"><\/circle><line id=\"Linie_13\" data-name=\"Linie 13\" x1=\"17\" transform=\"translate(1052 3815.911) rotate(180)\" fill=\"none\" stroke=\"#f5e8ff\" stroke-width=\"3\"><\/line><line id=\"Linie_14\" data-name=\"Linie 14\" x1=\"17\" transform=\"translate(1043.5 3824.411) rotate(-90)\" fill=\"none\" stroke=\"#f5e8ff\" stroke-width=\"3\"><\/line><\/g><\/svg><\/span>\n\t\t<\/span>\n\n\t\t\t\t\t\t<\/summary>\n\t\t\t\t<div role=\"region\" aria-labelledby=\"e-n-accordion-item-15910\" class=\"elementor-element elementor-element-2be1c2c e-con-full e-flex e-con e-child\" data-id=\"2be1c2c\" data-element_type=\"container\" data-e-type=\"container\">\n\t\t\t\t<div class=\"elementor-element elementor-element-8e8d212 elementor-widget elementor-widget-text-editor\" data-id=\"8e8d212\" data-element_type=\"widget\" data-e-type=\"widget\" data-widget_type=\"text-editor.default\">\n\t\t\t\t<div class=\"elementor-widget-container\">\n\t\t\t\t\t\t\t\t\t<p>In 95 Thesen kritisiert Martin Luther das Gesch\u00e4ft der katholischen Kirche mit dem Ablasshandel. Statt den erhofften Reformprozess der Kirche anzusto\u00dfen, entzweien die folgenden Diskussionen das Reich und bilden den Ausgangspunkt zur Spaltung der Kirche.<\/p>\t\t\t\t\t\t\t\t<\/div>\n\t\t\t\t<\/div>\n\t\t\t\t<\/div>\n\t\t\t\t\t<\/details>\n\t\t\t\t\t\t<details id=\"e-n-accordion-item-15911\" class=\"e-n-accordion-item\" >\n\t\t\t\t<summary class=\"e-n-accordion-item-title\" data-accordion-index=\"12\" tabindex=\"-1\" aria-expanded=\"false\" aria-controls=\"e-n-accordion-item-15911\" >\n\t\t\t\t\t<span class='e-n-accordion-item-title-header'><div class=\"e-n-accordion-item-title-text\"> 1524 \u2013 Deutscher Bauernkrieg <\/div><\/span>\n\t\t\t\t\t\t\t<span class='e-n-accordion-item-title-icon'>\n\t\t\t<span class='e-opened' ><svg xmlns=\"http:\/\/www.w3.org\/2000\/svg\" width=\"45\" height=\"45\" viewBox=\"0 0 45 45\"><g id=\"Gruppe_2552\" data-name=\"Gruppe 2552\" transform=\"translate(-1021 -3793.411)\"><circle id=\"Ellipse_6\" data-name=\"Ellipse 6\" cx=\"22.5\" cy=\"22.5\" r=\"22.5\" transform=\"translate(1066 3838.411) rotate(180)\" fill=\"#740fd9\"><\/circle><line id=\"Linie_13\" data-name=\"Linie 13\" x1=\"17\" transform=\"translate(1052 3815.911) rotate(180)\" fill=\"none\" stroke=\"#f5e8ff\" stroke-width=\"3\"><\/line><\/g><\/svg><\/span>\n\t\t\t<span class='e-closed'><svg xmlns=\"http:\/\/www.w3.org\/2000\/svg\" width=\"45\" height=\"45\" viewBox=\"0 0 45 45\"><g id=\"Gruppe_2553\" data-name=\"Gruppe 2553\" transform=\"translate(-1021 -3793.411)\"><circle id=\"Ellipse_6\" data-name=\"Ellipse 6\" cx=\"22.5\" cy=\"22.5\" r=\"22.5\" transform=\"translate(1066 3838.411) rotate(180)\" fill=\"#740fd9\"><\/circle><line id=\"Linie_13\" data-name=\"Linie 13\" x1=\"17\" transform=\"translate(1052 3815.911) rotate(180)\" fill=\"none\" stroke=\"#f5e8ff\" stroke-width=\"3\"><\/line><line id=\"Linie_14\" data-name=\"Linie 14\" x1=\"17\" transform=\"translate(1043.5 3824.411) rotate(-90)\" fill=\"none\" stroke=\"#f5e8ff\" stroke-width=\"3\"><\/line><\/g><\/svg><\/span>\n\t\t<\/span>\n\n\t\t\t\t\t\t<\/summary>\n\t\t\t\t<div role=\"region\" aria-labelledby=\"e-n-accordion-item-15911\" class=\"elementor-element elementor-element-238bc45 e-con-full e-flex e-con e-child\" data-id=\"238bc45\" data-element_type=\"container\" data-e-type=\"container\">\n\t\t\t\t<div class=\"elementor-element elementor-element-770602d elementor-widget elementor-widget-text-editor\" data-id=\"770602d\" data-element_type=\"widget\" data-e-type=\"widget\" data-widget_type=\"text-editor.default\">\n\t\t\t\t<div class=\"elementor-widget-container\">\n\t\t\t\t\t\t\t\t\t<p>\u00d6konomische, soziale und religi\u00f6se Gr\u00fcnde f\u00fchren zu zahlreichen Aufst\u00e4nden der deutschen Bauern. Mit den Zw\u00f6lf Artikeln von Memmingen verfassen diese eine der ersten Niederschriften von Menschenrechten. Die Aufst\u00e4nde wurden blutig niedergeschlagen.<\/p>\t\t\t\t\t\t\t\t<\/div>\n\t\t\t\t<\/div>\n\t\t\t\t<\/div>\n\t\t\t\t\t<\/details>\n\t\t\t\t\t\t<details id=\"e-n-accordion-item-15912\" class=\"e-n-accordion-item\" >\n\t\t\t\t<summary class=\"e-n-accordion-item-title\" data-accordion-index=\"13\" tabindex=\"-1\" aria-expanded=\"false\" aria-controls=\"e-n-accordion-item-15912\" >\n\t\t\t\t\t<span class='e-n-accordion-item-title-header'><div class=\"e-n-accordion-item-title-text\"> 1618 \u2013 Beginn des Drei\u00dfigj\u00e4hrigen Kriegs <\/div><\/span>\n\t\t\t\t\t\t\t<span class='e-n-accordion-item-title-icon'>\n\t\t\t<span class='e-opened' ><svg xmlns=\"http:\/\/www.w3.org\/2000\/svg\" width=\"45\" height=\"45\" viewBox=\"0 0 45 45\"><g id=\"Gruppe_2552\" data-name=\"Gruppe 2552\" transform=\"translate(-1021 -3793.411)\"><circle id=\"Ellipse_6\" data-name=\"Ellipse 6\" cx=\"22.5\" cy=\"22.5\" r=\"22.5\" transform=\"translate(1066 3838.411) rotate(180)\" fill=\"#740fd9\"><\/circle><line id=\"Linie_13\" data-name=\"Linie 13\" x1=\"17\" transform=\"translate(1052 3815.911) rotate(180)\" fill=\"none\" stroke=\"#f5e8ff\" stroke-width=\"3\"><\/line><\/g><\/svg><\/span>\n\t\t\t<span class='e-closed'><svg xmlns=\"http:\/\/www.w3.org\/2000\/svg\" width=\"45\" height=\"45\" viewBox=\"0 0 45 45\"><g id=\"Gruppe_2553\" data-name=\"Gruppe 2553\" transform=\"translate(-1021 -3793.411)\"><circle id=\"Ellipse_6\" data-name=\"Ellipse 6\" cx=\"22.5\" cy=\"22.5\" r=\"22.5\" transform=\"translate(1066 3838.411) rotate(180)\" fill=\"#740fd9\"><\/circle><line id=\"Linie_13\" data-name=\"Linie 13\" x1=\"17\" transform=\"translate(1052 3815.911) rotate(180)\" fill=\"none\" stroke=\"#f5e8ff\" stroke-width=\"3\"><\/line><line id=\"Linie_14\" data-name=\"Linie 14\" x1=\"17\" transform=\"translate(1043.5 3824.411) rotate(-90)\" fill=\"none\" stroke=\"#f5e8ff\" stroke-width=\"3\"><\/line><\/g><\/svg><\/span>\n\t\t<\/span>\n\n\t\t\t\t\t\t<\/summary>\n\t\t\t\t<div role=\"region\" aria-labelledby=\"e-n-accordion-item-15912\" class=\"elementor-element elementor-element-c874de8 e-con-full e-flex e-con e-child\" data-id=\"c874de8\" data-element_type=\"container\" data-e-type=\"container\">\n\t\t\t\t<div class=\"elementor-element elementor-element-ba9a6d1 elementor-widget elementor-widget-text-editor\" data-id=\"ba9a6d1\" data-element_type=\"widget\" data-e-type=\"widget\" data-widget_type=\"text-editor.default\">\n\t\t\t\t<div class=\"elementor-widget-container\">\n\t\t\t\t\t\t\t\t\t<p>Religi\u00f6se Spannungen zwischen Katholiken und Protestanten f\u00fchren zum Drei\u00dfigj\u00e4hrigen Krieg. Politische und territoriale Machtk\u00e4mpfe verst\u00e4rkten die Konflikte, die Europa drei Jahrzehnte lang ersch\u00fctterten.<\/p>\t\t\t\t\t\t\t\t<\/div>\n\t\t\t\t<\/div>\n\t\t\t\t<\/div>\n\t\t\t\t\t<\/details>\n\t\t\t\t\t\t<details id=\"e-n-accordion-item-15913\" class=\"e-n-accordion-item\" >\n\t\t\t\t<summary class=\"e-n-accordion-item-title\" data-accordion-index=\"14\" tabindex=\"-1\" aria-expanded=\"false\" aria-controls=\"e-n-accordion-item-15913\" >\n\t\t\t\t\t<span class='e-n-accordion-item-title-header'><div class=\"e-n-accordion-item-title-text\"> 1648 \u2013 Westf\u00e4lischer Frieden <\/div><\/span>\n\t\t\t\t\t\t\t<span class='e-n-accordion-item-title-icon'>\n\t\t\t<span class='e-opened' ><svg xmlns=\"http:\/\/www.w3.org\/2000\/svg\" width=\"45\" height=\"45\" viewBox=\"0 0 45 45\"><g id=\"Gruppe_2552\" data-name=\"Gruppe 2552\" transform=\"translate(-1021 -3793.411)\"><circle id=\"Ellipse_6\" data-name=\"Ellipse 6\" cx=\"22.5\" cy=\"22.5\" r=\"22.5\" transform=\"translate(1066 3838.411) rotate(180)\" fill=\"#740fd9\"><\/circle><line id=\"Linie_13\" data-name=\"Linie 13\" x1=\"17\" transform=\"translate(1052 3815.911) rotate(180)\" fill=\"none\" stroke=\"#f5e8ff\" stroke-width=\"3\"><\/line><\/g><\/svg><\/span>\n\t\t\t<span class='e-closed'><svg xmlns=\"http:\/\/www.w3.org\/2000\/svg\" width=\"45\" height=\"45\" viewBox=\"0 0 45 45\"><g id=\"Gruppe_2553\" data-name=\"Gruppe 2553\" transform=\"translate(-1021 -3793.411)\"><circle id=\"Ellipse_6\" data-name=\"Ellipse 6\" cx=\"22.5\" cy=\"22.5\" r=\"22.5\" transform=\"translate(1066 3838.411) rotate(180)\" fill=\"#740fd9\"><\/circle><line id=\"Linie_13\" data-name=\"Linie 13\" x1=\"17\" transform=\"translate(1052 3815.911) rotate(180)\" fill=\"none\" stroke=\"#f5e8ff\" stroke-width=\"3\"><\/line><line id=\"Linie_14\" data-name=\"Linie 14\" x1=\"17\" transform=\"translate(1043.5 3824.411) rotate(-90)\" fill=\"none\" stroke=\"#f5e8ff\" stroke-width=\"3\"><\/line><\/g><\/svg><\/span>\n\t\t<\/span>\n\n\t\t\t\t\t\t<\/summary>\n\t\t\t\t<div role=\"region\" aria-labelledby=\"e-n-accordion-item-15913\" class=\"elementor-element elementor-element-cfec1f3 e-con-full e-flex e-con e-child\" data-id=\"cfec1f3\" data-element_type=\"container\" data-e-type=\"container\">\n\t\t\t\t<div class=\"elementor-element elementor-element-45b79ec elementor-widget elementor-widget-text-editor\" data-id=\"45b79ec\" data-element_type=\"widget\" data-e-type=\"widget\" data-widget_type=\"text-editor.default\">\n\t\t\t\t<div class=\"elementor-widget-container\">\n\t\t\t\t\t\t\t\t\t<p>Die als Westf\u00e4lischer Frieden bezeichneten Vertr\u00e4ge beenden den Drei\u00dfigj\u00e4hrigen Krieg und sorgen f\u00fcr Religionsfreiheit sowie ein Gleichgewicht zwischen den europ\u00e4ischen Staaten. Das Reich verliert zahlreiche Gebiete, w\u00e4hrend die Souver\u00e4nit\u00e4t der F\u00fcrsten w\u00e4chst.<\/p>\t\t\t\t\t\t\t\t<\/div>\n\t\t\t\t<\/div>\n\t\t\t\t<\/div>\n\t\t\t\t\t<\/details>\n\t\t\t\t\t\t<details id=\"e-n-accordion-item-15914\" class=\"e-n-accordion-item\" >\n\t\t\t\t<summary class=\"e-n-accordion-item-title\" data-accordion-index=\"15\" tabindex=\"-1\" aria-expanded=\"false\" aria-controls=\"e-n-accordion-item-15914\" >\n\t\t\t\t\t<span class='e-n-accordion-item-title-header'><div class=\"e-n-accordion-item-title-text\"> 1740 \u2013 Kr\u00f6nung Friedrichs des Gro\u00dfen <\/div><\/span>\n\t\t\t\t\t\t\t<span class='e-n-accordion-item-title-icon'>\n\t\t\t<span class='e-opened' ><svg xmlns=\"http:\/\/www.w3.org\/2000\/svg\" width=\"45\" height=\"45\" viewBox=\"0 0 45 45\"><g id=\"Gruppe_2552\" data-name=\"Gruppe 2552\" transform=\"translate(-1021 -3793.411)\"><circle id=\"Ellipse_6\" data-name=\"Ellipse 6\" cx=\"22.5\" cy=\"22.5\" r=\"22.5\" transform=\"translate(1066 3838.411) rotate(180)\" fill=\"#740fd9\"><\/circle><line id=\"Linie_13\" data-name=\"Linie 13\" x1=\"17\" transform=\"translate(1052 3815.911) rotate(180)\" fill=\"none\" stroke=\"#f5e8ff\" stroke-width=\"3\"><\/line><\/g><\/svg><\/span>\n\t\t\t<span class='e-closed'><svg xmlns=\"http:\/\/www.w3.org\/2000\/svg\" width=\"45\" height=\"45\" viewBox=\"0 0 45 45\"><g id=\"Gruppe_2553\" data-name=\"Gruppe 2553\" transform=\"translate(-1021 -3793.411)\"><circle id=\"Ellipse_6\" data-name=\"Ellipse 6\" cx=\"22.5\" cy=\"22.5\" r=\"22.5\" transform=\"translate(1066 3838.411) rotate(180)\" fill=\"#740fd9\"><\/circle><line id=\"Linie_13\" data-name=\"Linie 13\" x1=\"17\" transform=\"translate(1052 3815.911) rotate(180)\" fill=\"none\" stroke=\"#f5e8ff\" stroke-width=\"3\"><\/line><line id=\"Linie_14\" data-name=\"Linie 14\" x1=\"17\" transform=\"translate(1043.5 3824.411) rotate(-90)\" fill=\"none\" stroke=\"#f5e8ff\" stroke-width=\"3\"><\/line><\/g><\/svg><\/span>\n\t\t<\/span>\n\n\t\t\t\t\t\t<\/summary>\n\t\t\t\t<div role=\"region\" aria-labelledby=\"e-n-accordion-item-15914\" class=\"elementor-element elementor-element-62d91b1 e-con-full e-flex e-con e-child\" data-id=\"62d91b1\" data-element_type=\"container\" data-e-type=\"container\">\n\t\t\t\t<div class=\"elementor-element elementor-element-cfc862c elementor-widget elementor-widget-text-editor\" data-id=\"cfc862c\" data-element_type=\"widget\" data-e-type=\"widget\" data-widget_type=\"text-editor.default\">\n\t\t\t\t<div class=\"elementor-widget-container\">\n\t\t\t\t\t\t\t\t\t<p>Die Kr\u00f6nung Friedrichs II. markiert den Beginn einer bedeutenden \u00c4ra in Preu\u00dfen. Der aufgekl\u00e4rte Monarch reformiert Gesellschaft, Verwaltung und Bildungswesen. Als erfolgreicher Feldherr etabliert er Preu\u00dfen als europ\u00e4ische Gro\u00dfmacht.<\/p>\t\t\t\t\t\t\t\t<\/div>\n\t\t\t\t<\/div>\n\t\t\t\t<\/div>\n\t\t\t\t\t<\/details>\n\t\t\t\t\t\t<details id=\"e-n-accordion-item-15915\" class=\"e-n-accordion-item\" >\n\t\t\t\t<summary class=\"e-n-accordion-item-title\" data-accordion-index=\"16\" tabindex=\"-1\" aria-expanded=\"false\" aria-controls=\"e-n-accordion-item-15915\" >\n\t\t\t\t\t<span class='e-n-accordion-item-title-header'><div class=\"e-n-accordion-item-title-text\"> 1806 \u2013 Ende des Heiligen R\u00f6mischen Reiches Deutscher Nation <\/div><\/span>\n\t\t\t\t\t\t\t<span class='e-n-accordion-item-title-icon'>\n\t\t\t<span class='e-opened' ><svg xmlns=\"http:\/\/www.w3.org\/2000\/svg\" width=\"45\" height=\"45\" viewBox=\"0 0 45 45\"><g id=\"Gruppe_2552\" data-name=\"Gruppe 2552\" transform=\"translate(-1021 -3793.411)\"><circle id=\"Ellipse_6\" data-name=\"Ellipse 6\" cx=\"22.5\" cy=\"22.5\" r=\"22.5\" transform=\"translate(1066 3838.411) rotate(180)\" fill=\"#740fd9\"><\/circle><line id=\"Linie_13\" data-name=\"Linie 13\" x1=\"17\" transform=\"translate(1052 3815.911) rotate(180)\" fill=\"none\" stroke=\"#f5e8ff\" stroke-width=\"3\"><\/line><\/g><\/svg><\/span>\n\t\t\t<span class='e-closed'><svg xmlns=\"http:\/\/www.w3.org\/2000\/svg\" width=\"45\" height=\"45\" viewBox=\"0 0 45 45\"><g id=\"Gruppe_2553\" data-name=\"Gruppe 2553\" transform=\"translate(-1021 -3793.411)\"><circle id=\"Ellipse_6\" data-name=\"Ellipse 6\" cx=\"22.5\" cy=\"22.5\" r=\"22.5\" transform=\"translate(1066 3838.411) rotate(180)\" fill=\"#740fd9\"><\/circle><line id=\"Linie_13\" data-name=\"Linie 13\" x1=\"17\" transform=\"translate(1052 3815.911) rotate(180)\" fill=\"none\" stroke=\"#f5e8ff\" stroke-width=\"3\"><\/line><line id=\"Linie_14\" data-name=\"Linie 14\" x1=\"17\" transform=\"translate(1043.5 3824.411) rotate(-90)\" fill=\"none\" stroke=\"#f5e8ff\" stroke-width=\"3\"><\/line><\/g><\/svg><\/span>\n\t\t<\/span>\n\n\t\t\t\t\t\t<\/summary>\n\t\t\t\t<div role=\"region\" aria-labelledby=\"e-n-accordion-item-15915\" class=\"elementor-element elementor-element-ede21cf e-con-full e-flex e-con e-child\" data-id=\"ede21cf\" data-element_type=\"container\" data-e-type=\"container\">\n\t\t\t\t<div class=\"elementor-element elementor-element-1e2d95b elementor-widget elementor-widget-text-editor\" data-id=\"1e2d95b\" data-element_type=\"widget\" data-e-type=\"widget\" data-widget_type=\"text-editor.default\">\n\t\t\t\t<div class=\"elementor-widget-container\">\n\t\t\t\t\t\t\t\t\t<p>Die Niederlagen in den Kriegen gegen Napoleon und der Austritt zahlreicher F\u00fcrstent\u00fcmer schw\u00e4chen das Heilige R\u00f6mische Reich. Unter Druck gesetzt, Napoleons Macht anzuerkennen, legt Kaiser Franz II. die Reichskrone ab und l\u00f6st das Reich auf.<\/p>\t\t\t\t\t\t\t\t<\/div>\n\t\t\t\t<\/div>\n\t\t\t\t<\/div>\n\t\t\t\t\t<\/details>\n\t\t\t\t\t\t<details id=\"e-n-accordion-item-15916\" class=\"e-n-accordion-item\" >\n\t\t\t\t<summary class=\"e-n-accordion-item-title\" data-accordion-index=\"17\" tabindex=\"-1\" aria-expanded=\"false\" aria-controls=\"e-n-accordion-item-15916\" >\n\t\t\t\t\t<span class='e-n-accordion-item-title-header'><div class=\"e-n-accordion-item-title-text\"> 1815 \u2013 Deutscher Bund <\/div><\/span>\n\t\t\t\t\t\t\t<span class='e-n-accordion-item-title-icon'>\n\t\t\t<span class='e-opened' ><svg xmlns=\"http:\/\/www.w3.org\/2000\/svg\" width=\"45\" height=\"45\" viewBox=\"0 0 45 45\"><g id=\"Gruppe_2552\" data-name=\"Gruppe 2552\" transform=\"translate(-1021 -3793.411)\"><circle id=\"Ellipse_6\" data-name=\"Ellipse 6\" cx=\"22.5\" cy=\"22.5\" r=\"22.5\" transform=\"translate(1066 3838.411) rotate(180)\" fill=\"#740fd9\"><\/circle><line id=\"Linie_13\" data-name=\"Linie 13\" x1=\"17\" transform=\"translate(1052 3815.911) rotate(180)\" fill=\"none\" stroke=\"#f5e8ff\" stroke-width=\"3\"><\/line><\/g><\/svg><\/span>\n\t\t\t<span class='e-closed'><svg xmlns=\"http:\/\/www.w3.org\/2000\/svg\" width=\"45\" height=\"45\" viewBox=\"0 0 45 45\"><g id=\"Gruppe_2553\" data-name=\"Gruppe 2553\" transform=\"translate(-1021 -3793.411)\"><circle id=\"Ellipse_6\" data-name=\"Ellipse 6\" cx=\"22.5\" cy=\"22.5\" r=\"22.5\" transform=\"translate(1066 3838.411) rotate(180)\" fill=\"#740fd9\"><\/circle><line id=\"Linie_13\" data-name=\"Linie 13\" x1=\"17\" transform=\"translate(1052 3815.911) rotate(180)\" fill=\"none\" stroke=\"#f5e8ff\" stroke-width=\"3\"><\/line><line id=\"Linie_14\" data-name=\"Linie 14\" x1=\"17\" transform=\"translate(1043.5 3824.411) rotate(-90)\" fill=\"none\" stroke=\"#f5e8ff\" stroke-width=\"3\"><\/line><\/g><\/svg><\/span>\n\t\t<\/span>\n\n\t\t\t\t\t\t<\/summary>\n\t\t\t\t<div role=\"region\" aria-labelledby=\"e-n-accordion-item-15916\" class=\"elementor-element elementor-element-56511ec e-con-full e-flex e-con e-child\" data-id=\"56511ec\" data-element_type=\"container\" data-e-type=\"container\">\n\t\t\t\t<div class=\"elementor-element elementor-element-8b353f2 elementor-widget elementor-widget-text-editor\" data-id=\"8b353f2\" data-element_type=\"widget\" data-e-type=\"widget\" data-widget_type=\"text-editor.default\">\n\t\t\t\t<div class=\"elementor-widget-container\">\n\t\t\t\t\t\t\t\t\t<p>Aus 39 deutschen F\u00fcrstent\u00fcmern und freien St\u00e4dten entsteht der Deutsche Bund als lockerer Staatenbund. Dieser Kompromiss zwischen der Selbstst\u00e4ndigkeit der deutschen L\u00e4nder und nationaler Einheit gilt als Vorstufe zur deutschen Nationalstaatsbildung.<\/p>\t\t\t\t\t\t\t\t<\/div>\n\t\t\t\t<\/div>\n\t\t\t\t<\/div>\n\t\t\t\t\t<\/details>\n\t\t\t\t\t\t<details id=\"e-n-accordion-item-15917\" class=\"e-n-accordion-item\" >\n\t\t\t\t<summary class=\"e-n-accordion-item-title\" data-accordion-index=\"18\" tabindex=\"-1\" aria-expanded=\"false\" aria-controls=\"e-n-accordion-item-15917\" >\n\t\t\t\t\t<span class='e-n-accordion-item-title-header'><div class=\"e-n-accordion-item-title-text\"> 1848 \u2013 M\u00e4rzrevolution <\/div><\/span>\n\t\t\t\t\t\t\t<span class='e-n-accordion-item-title-icon'>\n\t\t\t<span class='e-opened' ><svg xmlns=\"http:\/\/www.w3.org\/2000\/svg\" width=\"45\" height=\"45\" viewBox=\"0 0 45 45\"><g id=\"Gruppe_2552\" data-name=\"Gruppe 2552\" transform=\"translate(-1021 -3793.411)\"><circle id=\"Ellipse_6\" data-name=\"Ellipse 6\" cx=\"22.5\" cy=\"22.5\" r=\"22.5\" transform=\"translate(1066 3838.411) rotate(180)\" fill=\"#740fd9\"><\/circle><line id=\"Linie_13\" data-name=\"Linie 13\" x1=\"17\" transform=\"translate(1052 3815.911) rotate(180)\" fill=\"none\" stroke=\"#f5e8ff\" stroke-width=\"3\"><\/line><\/g><\/svg><\/span>\n\t\t\t<span class='e-closed'><svg xmlns=\"http:\/\/www.w3.org\/2000\/svg\" width=\"45\" height=\"45\" viewBox=\"0 0 45 45\"><g id=\"Gruppe_2553\" data-name=\"Gruppe 2553\" transform=\"translate(-1021 -3793.411)\"><circle id=\"Ellipse_6\" data-name=\"Ellipse 6\" cx=\"22.5\" cy=\"22.5\" r=\"22.5\" transform=\"translate(1066 3838.411) rotate(180)\" fill=\"#740fd9\"><\/circle><line id=\"Linie_13\" data-name=\"Linie 13\" x1=\"17\" transform=\"translate(1052 3815.911) rotate(180)\" fill=\"none\" stroke=\"#f5e8ff\" stroke-width=\"3\"><\/line><line id=\"Linie_14\" data-name=\"Linie 14\" x1=\"17\" transform=\"translate(1043.5 3824.411) rotate(-90)\" fill=\"none\" stroke=\"#f5e8ff\" stroke-width=\"3\"><\/line><\/g><\/svg><\/span>\n\t\t<\/span>\n\n\t\t\t\t\t\t<\/summary>\n\t\t\t\t<div role=\"region\" aria-labelledby=\"e-n-accordion-item-15917\" class=\"elementor-element elementor-element-718e475 e-con-full e-flex e-con e-child\" data-id=\"718e475\" data-element_type=\"container\" data-e-type=\"container\">\n\t\t\t\t<div class=\"elementor-element elementor-element-c881350 elementor-widget elementor-widget-text-editor\" data-id=\"c881350\" data-element_type=\"widget\" data-e-type=\"widget\" data-widget_type=\"text-editor.default\">\n\t\t\t\t<div class=\"elementor-widget-container\">\n\t\t\t\t\t\t\t\t\t<p>Mit der M\u00e4rzrevolution forderten die B\u00fcrger politische Freiheiten, soziale Reformen und nationale Einheit von den herrschenden F\u00fcrsten. Auch wenn die Revolution letztlich blutig niedergeschlagen wurde, zwang sie die F\u00fcrsten zu politischen Zugest\u00e4ndnissen.<\/p>\t\t\t\t\t\t\t\t<\/div>\n\t\t\t\t<\/div>\n\t\t\t\t<\/div>\n\t\t\t\t\t<\/details>\n\t\t\t\t\t\t<details id=\"e-n-accordion-item-15918\" class=\"e-n-accordion-item\" >\n\t\t\t\t<summary class=\"e-n-accordion-item-title\" data-accordion-index=\"19\" tabindex=\"-1\" aria-expanded=\"false\" aria-controls=\"e-n-accordion-item-15918\" >\n\t\t\t\t\t<span class='e-n-accordion-item-title-header'><div class=\"e-n-accordion-item-title-text\"> 1871 \u2013 Gr\u00fcndung des Deutschen Reichs <\/div><\/span>\n\t\t\t\t\t\t\t<span class='e-n-accordion-item-title-icon'>\n\t\t\t<span class='e-opened' ><svg xmlns=\"http:\/\/www.w3.org\/2000\/svg\" width=\"45\" height=\"45\" viewBox=\"0 0 45 45\"><g id=\"Gruppe_2552\" data-name=\"Gruppe 2552\" transform=\"translate(-1021 -3793.411)\"><circle id=\"Ellipse_6\" data-name=\"Ellipse 6\" cx=\"22.5\" cy=\"22.5\" r=\"22.5\" transform=\"translate(1066 3838.411) rotate(180)\" fill=\"#740fd9\"><\/circle><line id=\"Linie_13\" data-name=\"Linie 13\" x1=\"17\" transform=\"translate(1052 3815.911) rotate(180)\" fill=\"none\" stroke=\"#f5e8ff\" stroke-width=\"3\"><\/line><\/g><\/svg><\/span>\n\t\t\t<span class='e-closed'><svg xmlns=\"http:\/\/www.w3.org\/2000\/svg\" width=\"45\" height=\"45\" viewBox=\"0 0 45 45\"><g id=\"Gruppe_2553\" data-name=\"Gruppe 2553\" transform=\"translate(-1021 -3793.411)\"><circle id=\"Ellipse_6\" data-name=\"Ellipse 6\" cx=\"22.5\" cy=\"22.5\" r=\"22.5\" transform=\"translate(1066 3838.411) rotate(180)\" fill=\"#740fd9\"><\/circle><line id=\"Linie_13\" data-name=\"Linie 13\" x1=\"17\" transform=\"translate(1052 3815.911) rotate(180)\" fill=\"none\" stroke=\"#f5e8ff\" stroke-width=\"3\"><\/line><line id=\"Linie_14\" data-name=\"Linie 14\" x1=\"17\" transform=\"translate(1043.5 3824.411) rotate(-90)\" fill=\"none\" stroke=\"#f5e8ff\" stroke-width=\"3\"><\/line><\/g><\/svg><\/span>\n\t\t<\/span>\n\n\t\t\t\t\t\t<\/summary>\n\t\t\t\t<div role=\"region\" aria-labelledby=\"e-n-accordion-item-15918\" class=\"elementor-element elementor-element-84eb449 e-con-full e-flex e-con e-child\" data-id=\"84eb449\" data-element_type=\"container\" data-e-type=\"container\">\n\t\t\t\t<div class=\"elementor-element elementor-element-8d1d4d2 elementor-widget elementor-widget-text-editor\" data-id=\"8d1d4d2\" data-element_type=\"widget\" data-e-type=\"widget\" data-widget_type=\"text-editor.default\">\n\t\t\t\t<div class=\"elementor-widget-container\">\n\t\t\t\t\t\t\t\t\t<p>Durch die Gr\u00fcndung des Deutschen Kaiserreichs im <a href=\"https:\/\/www.deutschlandmuseum.de\/geschichte\/kalender\/1871-01-18-kaiserproklamation-in-versailles\/\">Januar 1871<\/a> entsteht der erste deutsche Nationalstaat. Als treibende Kraft hinter der Gr\u00fcndung gilt der preu\u00dfische Ministerpr\u00e4sident Otto von Bismarck, der das Amt des Reichskanzlers \u00fcbernimmt.<\/p>\t\t\t\t\t\t\t\t<\/div>\n\t\t\t\t<\/div>\n\t\t\t\t<\/div>\n\t\t\t\t\t<\/details>\n\t\t\t\t\t\t<details id=\"e-n-accordion-item-15919\" class=\"e-n-accordion-item\" >\n\t\t\t\t<summary class=\"e-n-accordion-item-title\" data-accordion-index=\"20\" tabindex=\"-1\" aria-expanded=\"false\" aria-controls=\"e-n-accordion-item-15919\" >\n\t\t\t\t\t<span class='e-n-accordion-item-title-header'><div class=\"e-n-accordion-item-title-text\"> 1914 \u2013 Erster Weltkrieg <\/div><\/span>\n\t\t\t\t\t\t\t<span class='e-n-accordion-item-title-icon'>\n\t\t\t<span class='e-opened' ><svg xmlns=\"http:\/\/www.w3.org\/2000\/svg\" width=\"45\" height=\"45\" viewBox=\"0 0 45 45\"><g id=\"Gruppe_2552\" data-name=\"Gruppe 2552\" transform=\"translate(-1021 -3793.411)\"><circle id=\"Ellipse_6\" data-name=\"Ellipse 6\" cx=\"22.5\" cy=\"22.5\" r=\"22.5\" transform=\"translate(1066 3838.411) rotate(180)\" fill=\"#740fd9\"><\/circle><line id=\"Linie_13\" data-name=\"Linie 13\" x1=\"17\" transform=\"translate(1052 3815.911) rotate(180)\" fill=\"none\" stroke=\"#f5e8ff\" stroke-width=\"3\"><\/line><\/g><\/svg><\/span>\n\t\t\t<span class='e-closed'><svg xmlns=\"http:\/\/www.w3.org\/2000\/svg\" width=\"45\" height=\"45\" viewBox=\"0 0 45 45\"><g id=\"Gruppe_2553\" data-name=\"Gruppe 2553\" transform=\"translate(-1021 -3793.411)\"><circle id=\"Ellipse_6\" data-name=\"Ellipse 6\" cx=\"22.5\" cy=\"22.5\" r=\"22.5\" transform=\"translate(1066 3838.411) rotate(180)\" fill=\"#740fd9\"><\/circle><line id=\"Linie_13\" data-name=\"Linie 13\" x1=\"17\" transform=\"translate(1052 3815.911) rotate(180)\" fill=\"none\" stroke=\"#f5e8ff\" stroke-width=\"3\"><\/line><line id=\"Linie_14\" data-name=\"Linie 14\" x1=\"17\" transform=\"translate(1043.5 3824.411) rotate(-90)\" fill=\"none\" stroke=\"#f5e8ff\" stroke-width=\"3\"><\/line><\/g><\/svg><\/span>\n\t\t<\/span>\n\n\t\t\t\t\t\t<\/summary>\n\t\t\t\t<div role=\"region\" aria-labelledby=\"e-n-accordion-item-15919\" class=\"elementor-element elementor-element-94fec59 e-con-full e-flex e-con e-child\" data-id=\"94fec59\" data-element_type=\"container\" data-e-type=\"container\">\n\t\t\t\t<div class=\"elementor-element elementor-element-d917a73 elementor-widget elementor-widget-text-editor\" data-id=\"d917a73\" data-element_type=\"widget\" data-e-type=\"widget\" data-widget_type=\"text-editor.default\">\n\t\t\t\t<div class=\"elementor-widget-container\">\n\t\t\t\t\t\t\t\t\t<p>Nationalismus, Kolonialismus und Militarismus f\u00fchrten zu starken Spannungen in Europa und einer zunehmenden Isolierung des Deutschen Reichs. Der Mord am \u00f6sterreichischen Thronfolger ist der entscheidende Ausl\u00f6ser, der zum Krieg f\u00fchrt.<\/p>\t\t\t\t\t\t\t\t<\/div>\n\t\t\t\t<\/div>\n\t\t\t\t<\/div>\n\t\t\t\t\t<\/details>\n\t\t\t\t\t\t<details id=\"e-n-accordion-item-15920\" class=\"e-n-accordion-item\" >\n\t\t\t\t<summary class=\"e-n-accordion-item-title\" data-accordion-index=\"21\" tabindex=\"-1\" aria-expanded=\"false\" aria-controls=\"e-n-accordion-item-15920\" >\n\t\t\t\t\t<span class='e-n-accordion-item-title-header'><div class=\"e-n-accordion-item-title-text\"> 1918 \u2013 Ausrufung der \u201eWeimarer Republik\u201c <\/div><\/span>\n\t\t\t\t\t\t\t<span class='e-n-accordion-item-title-icon'>\n\t\t\t<span class='e-opened' ><svg xmlns=\"http:\/\/www.w3.org\/2000\/svg\" width=\"45\" height=\"45\" viewBox=\"0 0 45 45\"><g id=\"Gruppe_2552\" data-name=\"Gruppe 2552\" transform=\"translate(-1021 -3793.411)\"><circle id=\"Ellipse_6\" data-name=\"Ellipse 6\" cx=\"22.5\" cy=\"22.5\" r=\"22.5\" transform=\"translate(1066 3838.411) rotate(180)\" fill=\"#740fd9\"><\/circle><line id=\"Linie_13\" data-name=\"Linie 13\" x1=\"17\" transform=\"translate(1052 3815.911) rotate(180)\" fill=\"none\" stroke=\"#f5e8ff\" stroke-width=\"3\"><\/line><\/g><\/svg><\/span>\n\t\t\t<span class='e-closed'><svg xmlns=\"http:\/\/www.w3.org\/2000\/svg\" width=\"45\" height=\"45\" viewBox=\"0 0 45 45\"><g id=\"Gruppe_2553\" data-name=\"Gruppe 2553\" transform=\"translate(-1021 -3793.411)\"><circle id=\"Ellipse_6\" data-name=\"Ellipse 6\" cx=\"22.5\" cy=\"22.5\" r=\"22.5\" transform=\"translate(1066 3838.411) rotate(180)\" fill=\"#740fd9\"><\/circle><line id=\"Linie_13\" data-name=\"Linie 13\" x1=\"17\" transform=\"translate(1052 3815.911) rotate(180)\" fill=\"none\" stroke=\"#f5e8ff\" stroke-width=\"3\"><\/line><line id=\"Linie_14\" data-name=\"Linie 14\" x1=\"17\" transform=\"translate(1043.5 3824.411) rotate(-90)\" fill=\"none\" stroke=\"#f5e8ff\" stroke-width=\"3\"><\/line><\/g><\/svg><\/span>\n\t\t<\/span>\n\n\t\t\t\t\t\t<\/summary>\n\t\t\t\t<div role=\"region\" aria-labelledby=\"e-n-accordion-item-15920\" class=\"elementor-element elementor-element-9cbe086 e-con-full e-flex e-con e-child\" data-id=\"9cbe086\" data-element_type=\"container\" data-e-type=\"container\">\n\t\t\t\t<div class=\"elementor-element elementor-element-f85eac0 elementor-widget elementor-widget-text-editor\" data-id=\"f85eac0\" data-element_type=\"widget\" data-e-type=\"widget\" data-widget_type=\"text-editor.default\">\n\t\t\t\t<div class=\"elementor-widget-container\">\n\t\t\t\t\t\t\t\t\t<p>Mit der Ausrufung der Republik durch den Politiker Philipp Scheidemann am 9. November 1918 beginnt die erste parlamentarische Demokratie in Deutschland. Da Politiker die Verfassung in Weimar ausarbeiten, wird sie \u201eWeimarer Republik\u201d genannt.<\/p>\t\t\t\t\t\t\t\t<\/div>\n\t\t\t\t<\/div>\n\t\t\t\t<\/div>\n\t\t\t\t\t<\/details>\n\t\t\t\t\t\t<details id=\"e-n-accordion-item-15921\" class=\"e-n-accordion-item\" >\n\t\t\t\t<summary class=\"e-n-accordion-item-title\" data-accordion-index=\"22\" tabindex=\"-1\" aria-expanded=\"false\" aria-controls=\"e-n-accordion-item-15921\" >\n\t\t\t\t\t<span class='e-n-accordion-item-title-header'><div class=\"e-n-accordion-item-title-text\"> 1933 \u2013 Ernennung Adolf Hitlers zum Reichskanzler <\/div><\/span>\n\t\t\t\t\t\t\t<span class='e-n-accordion-item-title-icon'>\n\t\t\t<span class='e-opened' ><svg xmlns=\"http:\/\/www.w3.org\/2000\/svg\" width=\"45\" height=\"45\" viewBox=\"0 0 45 45\"><g id=\"Gruppe_2552\" data-name=\"Gruppe 2552\" transform=\"translate(-1021 -3793.411)\"><circle id=\"Ellipse_6\" data-name=\"Ellipse 6\" cx=\"22.5\" cy=\"22.5\" r=\"22.5\" transform=\"translate(1066 3838.411) rotate(180)\" fill=\"#740fd9\"><\/circle><line id=\"Linie_13\" data-name=\"Linie 13\" x1=\"17\" transform=\"translate(1052 3815.911) rotate(180)\" fill=\"none\" stroke=\"#f5e8ff\" stroke-width=\"3\"><\/line><\/g><\/svg><\/span>\n\t\t\t<span class='e-closed'><svg xmlns=\"http:\/\/www.w3.org\/2000\/svg\" width=\"45\" height=\"45\" viewBox=\"0 0 45 45\"><g id=\"Gruppe_2553\" data-name=\"Gruppe 2553\" transform=\"translate(-1021 -3793.411)\"><circle id=\"Ellipse_6\" data-name=\"Ellipse 6\" cx=\"22.5\" cy=\"22.5\" r=\"22.5\" transform=\"translate(1066 3838.411) rotate(180)\" fill=\"#740fd9\"><\/circle><line id=\"Linie_13\" data-name=\"Linie 13\" x1=\"17\" transform=\"translate(1052 3815.911) rotate(180)\" fill=\"none\" stroke=\"#f5e8ff\" stroke-width=\"3\"><\/line><line id=\"Linie_14\" data-name=\"Linie 14\" x1=\"17\" transform=\"translate(1043.5 3824.411) rotate(-90)\" fill=\"none\" stroke=\"#f5e8ff\" stroke-width=\"3\"><\/line><\/g><\/svg><\/span>\n\t\t<\/span>\n\n\t\t\t\t\t\t<\/summary>\n\t\t\t\t<div role=\"region\" aria-labelledby=\"e-n-accordion-item-15921\" class=\"elementor-element elementor-element-b3ae22f e-con-full e-flex e-con e-child\" data-id=\"b3ae22f\" data-element_type=\"container\" data-e-type=\"container\">\n\t\t\t\t<div class=\"elementor-element elementor-element-a99fdaa elementor-widget elementor-widget-text-editor\" data-id=\"a99fdaa\" data-element_type=\"widget\" data-e-type=\"widget\" data-widget_type=\"text-editor.default\">\n\t\t\t\t<div class=\"elementor-widget-container\">\n\t\t\t\t\t\t\t\t\t<p>Nach zahlreichen wirtschaftlichen und politischen Krisen und dem Erstarken der NSDAP wird Adolf Hitler am <a href=\"https:\/\/www.deutschlandmuseum.de\/geschichte\/kalender\/1933-01-30-die-machtergreifung-der-nazis\/\">30. Januar 1933<\/a> zum Reichskanzler ernannt. Innerhalb weniger Monate wandeln Nationalsozialisten die deutsche Demokratie in eine Diktatur um.<\/p>\t\t\t\t\t\t\t\t<\/div>\n\t\t\t\t<\/div>\n\t\t\t\t<\/div>\n\t\t\t\t\t<\/details>\n\t\t\t\t\t\t<details id=\"e-n-accordion-item-15922\" class=\"e-n-accordion-item\" >\n\t\t\t\t<summary class=\"e-n-accordion-item-title\" data-accordion-index=\"23\" tabindex=\"-1\" aria-expanded=\"false\" aria-controls=\"e-n-accordion-item-15922\" >\n\t\t\t\t\t<span class='e-n-accordion-item-title-header'><div class=\"e-n-accordion-item-title-text\"> 1938 \u2013 Reichspogromnacht 1938  <\/div><\/span>\n\t\t\t\t\t\t\t<span class='e-n-accordion-item-title-icon'>\n\t\t\t<span class='e-opened' ><svg xmlns=\"http:\/\/www.w3.org\/2000\/svg\" width=\"45\" height=\"45\" viewBox=\"0 0 45 45\"><g id=\"Gruppe_2552\" data-name=\"Gruppe 2552\" transform=\"translate(-1021 -3793.411)\"><circle id=\"Ellipse_6\" data-name=\"Ellipse 6\" cx=\"22.5\" cy=\"22.5\" r=\"22.5\" transform=\"translate(1066 3838.411) rotate(180)\" fill=\"#740fd9\"><\/circle><line id=\"Linie_13\" data-name=\"Linie 13\" x1=\"17\" transform=\"translate(1052 3815.911) rotate(180)\" fill=\"none\" stroke=\"#f5e8ff\" stroke-width=\"3\"><\/line><\/g><\/svg><\/span>\n\t\t\t<span class='e-closed'><svg xmlns=\"http:\/\/www.w3.org\/2000\/svg\" width=\"45\" height=\"45\" viewBox=\"0 0 45 45\"><g id=\"Gruppe_2553\" data-name=\"Gruppe 2553\" transform=\"translate(-1021 -3793.411)\"><circle id=\"Ellipse_6\" data-name=\"Ellipse 6\" cx=\"22.5\" cy=\"22.5\" r=\"22.5\" transform=\"translate(1066 3838.411) rotate(180)\" fill=\"#740fd9\"><\/circle><line id=\"Linie_13\" data-name=\"Linie 13\" x1=\"17\" transform=\"translate(1052 3815.911) rotate(180)\" fill=\"none\" stroke=\"#f5e8ff\" stroke-width=\"3\"><\/line><line id=\"Linie_14\" data-name=\"Linie 14\" x1=\"17\" transform=\"translate(1043.5 3824.411) rotate(-90)\" fill=\"none\" stroke=\"#f5e8ff\" stroke-width=\"3\"><\/line><\/g><\/svg><\/span>\n\t\t<\/span>\n\n\t\t\t\t\t\t<\/summary>\n\t\t\t\t<div role=\"region\" aria-labelledby=\"e-n-accordion-item-15922\" class=\"elementor-element elementor-element-4c776cb e-con-full e-flex e-con e-child\" data-id=\"4c776cb\" data-element_type=\"container\" data-e-type=\"container\">\n\t\t\t\t<div class=\"elementor-element elementor-element-ccff024 elementor-widget elementor-widget-text-editor\" data-id=\"ccff024\" data-element_type=\"widget\" data-e-type=\"widget\" data-widget_type=\"text-editor.default\">\n\t\t\t\t<div class=\"elementor-widget-container\">\n\t\t\t\t\t\t\t\t\t<p>Die NS-Regierung nutzt den Mord an einem Diplomaten als Vorwand, um landesweit antisemitische Gewalt zu legitimieren. J\u00fcdische Gesch\u00e4fte, Synagogen und Wohnungen werden verw\u00fcstet, Tausende Juden verhaftet und in Konzentrationslager gebracht.<\/p>\t\t\t\t\t\t\t\t<\/div>\n\t\t\t\t<\/div>\n\t\t\t\t<\/div>\n\t\t\t\t\t<\/details>\n\t\t\t\t\t\t<details id=\"e-n-accordion-item-15923\" class=\"e-n-accordion-item\" >\n\t\t\t\t<summary class=\"e-n-accordion-item-title\" data-accordion-index=\"24\" tabindex=\"-1\" aria-expanded=\"false\" aria-controls=\"e-n-accordion-item-15923\" >\n\t\t\t\t\t<span class='e-n-accordion-item-title-header'><div class=\"e-n-accordion-item-title-text\"> 1939 \u2013 Zweiter Weltkrieg <\/div><\/span>\n\t\t\t\t\t\t\t<span class='e-n-accordion-item-title-icon'>\n\t\t\t<span class='e-opened' ><svg xmlns=\"http:\/\/www.w3.org\/2000\/svg\" width=\"45\" height=\"45\" viewBox=\"0 0 45 45\"><g id=\"Gruppe_2552\" data-name=\"Gruppe 2552\" transform=\"translate(-1021 -3793.411)\"><circle id=\"Ellipse_6\" data-name=\"Ellipse 6\" cx=\"22.5\" cy=\"22.5\" r=\"22.5\" transform=\"translate(1066 3838.411) rotate(180)\" fill=\"#740fd9\"><\/circle><line id=\"Linie_13\" data-name=\"Linie 13\" x1=\"17\" transform=\"translate(1052 3815.911) rotate(180)\" fill=\"none\" stroke=\"#f5e8ff\" stroke-width=\"3\"><\/line><\/g><\/svg><\/span>\n\t\t\t<span class='e-closed'><svg xmlns=\"http:\/\/www.w3.org\/2000\/svg\" width=\"45\" height=\"45\" viewBox=\"0 0 45 45\"><g id=\"Gruppe_2553\" data-name=\"Gruppe 2553\" transform=\"translate(-1021 -3793.411)\"><circle id=\"Ellipse_6\" data-name=\"Ellipse 6\" cx=\"22.5\" cy=\"22.5\" r=\"22.5\" transform=\"translate(1066 3838.411) rotate(180)\" fill=\"#740fd9\"><\/circle><line id=\"Linie_13\" data-name=\"Linie 13\" x1=\"17\" transform=\"translate(1052 3815.911) rotate(180)\" fill=\"none\" stroke=\"#f5e8ff\" stroke-width=\"3\"><\/line><line id=\"Linie_14\" data-name=\"Linie 14\" x1=\"17\" transform=\"translate(1043.5 3824.411) rotate(-90)\" fill=\"none\" stroke=\"#f5e8ff\" stroke-width=\"3\"><\/line><\/g><\/svg><\/span>\n\t\t<\/span>\n\n\t\t\t\t\t\t<\/summary>\n\t\t\t\t<div role=\"region\" aria-labelledby=\"e-n-accordion-item-15923\" class=\"elementor-element elementor-element-697b0fa e-con-full e-flex e-con e-child\" data-id=\"697b0fa\" data-element_type=\"container\" data-e-type=\"container\">\n\t\t\t\t<div class=\"elementor-element elementor-element-c3be41c elementor-widget elementor-widget-text-editor\" data-id=\"c3be41c\" data-element_type=\"widget\" data-e-type=\"widget\" data-widget_type=\"text-editor.default\">\n\t\t\t\t<div class=\"elementor-widget-container\">\n\t\t\t\t\t\t\t\t\t<p>Am 1. September 1939 \u00fcberf\u00e4llt Deutschland Polen. Aufgrund dieses v\u00f6lkerrechtswidrigen Angriffs erkl\u00e4ren Gro\u00dfbritannien und Frankreich Deutschland den Krieg. Dennoch erweitert Deutschland seinen Angriffskrieg auch auf andere europ\u00e4ische L\u00e4nder.<\/p>\t\t\t\t\t\t\t\t<\/div>\n\t\t\t\t<\/div>\n\t\t\t\t<\/div>\n\t\t\t\t\t<\/details>\n\t\t\t\t\t\t<details id=\"e-n-accordion-item-15924\" class=\"e-n-accordion-item\" >\n\t\t\t\t<summary class=\"e-n-accordion-item-title\" data-accordion-index=\"25\" tabindex=\"-1\" aria-expanded=\"false\" aria-controls=\"e-n-accordion-item-15924\" >\n\t\t\t\t\t<span class='e-n-accordion-item-title-header'><div class=\"e-n-accordion-item-title-text\"> 1942 \u2013 Wannsee-Konferenz <\/div><\/span>\n\t\t\t\t\t\t\t<span class='e-n-accordion-item-title-icon'>\n\t\t\t<span class='e-opened' ><svg xmlns=\"http:\/\/www.w3.org\/2000\/svg\" width=\"45\" height=\"45\" viewBox=\"0 0 45 45\"><g id=\"Gruppe_2552\" data-name=\"Gruppe 2552\" transform=\"translate(-1021 -3793.411)\"><circle id=\"Ellipse_6\" data-name=\"Ellipse 6\" cx=\"22.5\" cy=\"22.5\" r=\"22.5\" transform=\"translate(1066 3838.411) rotate(180)\" fill=\"#740fd9\"><\/circle><line id=\"Linie_13\" data-name=\"Linie 13\" x1=\"17\" transform=\"translate(1052 3815.911) rotate(180)\" fill=\"none\" stroke=\"#f5e8ff\" stroke-width=\"3\"><\/line><\/g><\/svg><\/span>\n\t\t\t<span class='e-closed'><svg xmlns=\"http:\/\/www.w3.org\/2000\/svg\" width=\"45\" height=\"45\" viewBox=\"0 0 45 45\"><g id=\"Gruppe_2553\" data-name=\"Gruppe 2553\" transform=\"translate(-1021 -3793.411)\"><circle id=\"Ellipse_6\" data-name=\"Ellipse 6\" cx=\"22.5\" cy=\"22.5\" r=\"22.5\" transform=\"translate(1066 3838.411) rotate(180)\" fill=\"#740fd9\"><\/circle><line id=\"Linie_13\" data-name=\"Linie 13\" x1=\"17\" transform=\"translate(1052 3815.911) rotate(180)\" fill=\"none\" stroke=\"#f5e8ff\" stroke-width=\"3\"><\/line><line id=\"Linie_14\" data-name=\"Linie 14\" x1=\"17\" transform=\"translate(1043.5 3824.411) rotate(-90)\" fill=\"none\" stroke=\"#f5e8ff\" stroke-width=\"3\"><\/line><\/g><\/svg><\/span>\n\t\t<\/span>\n\n\t\t\t\t\t\t<\/summary>\n\t\t\t\t<div role=\"region\" aria-labelledby=\"e-n-accordion-item-15924\" class=\"elementor-element elementor-element-702050c e-con-full e-flex e-con e-child\" data-id=\"702050c\" data-element_type=\"container\" data-e-type=\"container\">\n\t\t\t\t<div class=\"elementor-element elementor-element-00155fb elementor-widget elementor-widget-text-editor\" data-id=\"00155fb\" data-element_type=\"widget\" data-e-type=\"widget\" data-widget_type=\"text-editor.default\">\n\t\t\t\t<div class=\"elementor-widget-container\">\n\t\t\t\t\t\t\t\t\t<p>Auf der Wannsee-Konferenz am 20. Januar 1942 planen hochrangige NS-Funktion\u00e4re die systematische Vernichtung der europ\u00e4ischen Juden. Dies f\u00fchrt im Rahmen des Holocaust zum V\u00f6lkermord an etwa sechs Millionen Juden.<\/p>\t\t\t\t\t\t\t\t<\/div>\n\t\t\t\t<\/div>\n\t\t\t\t<\/div>\n\t\t\t\t\t<\/details>\n\t\t\t\t\t\t<details id=\"e-n-accordion-item-15925\" class=\"e-n-accordion-item\" >\n\t\t\t\t<summary class=\"e-n-accordion-item-title\" data-accordion-index=\"26\" tabindex=\"-1\" aria-expanded=\"false\" aria-controls=\"e-n-accordion-item-15925\" >\n\t\t\t\t\t<span class='e-n-accordion-item-title-header'><div class=\"e-n-accordion-item-title-text\"> 1945 \u2013 Kapitulation Deutschlands <\/div><\/span>\n\t\t\t\t\t\t\t<span class='e-n-accordion-item-title-icon'>\n\t\t\t<span class='e-opened' ><svg xmlns=\"http:\/\/www.w3.org\/2000\/svg\" width=\"45\" height=\"45\" viewBox=\"0 0 45 45\"><g id=\"Gruppe_2552\" data-name=\"Gruppe 2552\" transform=\"translate(-1021 -3793.411)\"><circle id=\"Ellipse_6\" data-name=\"Ellipse 6\" cx=\"22.5\" cy=\"22.5\" r=\"22.5\" transform=\"translate(1066 3838.411) rotate(180)\" fill=\"#740fd9\"><\/circle><line id=\"Linie_13\" data-name=\"Linie 13\" x1=\"17\" transform=\"translate(1052 3815.911) rotate(180)\" fill=\"none\" stroke=\"#f5e8ff\" stroke-width=\"3\"><\/line><\/g><\/svg><\/span>\n\t\t\t<span class='e-closed'><svg xmlns=\"http:\/\/www.w3.org\/2000\/svg\" width=\"45\" height=\"45\" viewBox=\"0 0 45 45\"><g id=\"Gruppe_2553\" data-name=\"Gruppe 2553\" transform=\"translate(-1021 -3793.411)\"><circle id=\"Ellipse_6\" data-name=\"Ellipse 6\" cx=\"22.5\" cy=\"22.5\" r=\"22.5\" transform=\"translate(1066 3838.411) rotate(180)\" fill=\"#740fd9\"><\/circle><line id=\"Linie_13\" data-name=\"Linie 13\" x1=\"17\" transform=\"translate(1052 3815.911) rotate(180)\" fill=\"none\" stroke=\"#f5e8ff\" stroke-width=\"3\"><\/line><line id=\"Linie_14\" data-name=\"Linie 14\" x1=\"17\" transform=\"translate(1043.5 3824.411) rotate(-90)\" fill=\"none\" stroke=\"#f5e8ff\" stroke-width=\"3\"><\/line><\/g><\/svg><\/span>\n\t\t<\/span>\n\n\t\t\t\t\t\t<\/summary>\n\t\t\t\t<div role=\"region\" aria-labelledby=\"e-n-accordion-item-15925\" class=\"elementor-element elementor-element-2a36967 e-con-full e-flex e-con e-child\" data-id=\"2a36967\" data-element_type=\"container\" data-e-type=\"container\">\n\t\t\t\t<div class=\"elementor-element elementor-element-c3125ad elementor-widget elementor-widget-text-editor\" data-id=\"c3125ad\" data-element_type=\"widget\" data-e-type=\"widget\" data-widget_type=\"text-editor.default\">\n\t\t\t\t<div class=\"elementor-widget-container\">\n\t\t\t\t\t\t\t\t\t<p>Nachdem Berlin eingenommen ist, endet mit der bedingungslosen Kapitulation der deutschen Wehrmacht am 8. Mai 1945 der Zweite Weltkrieg in Europa. Die vier Siegerm\u00e4chte \u00fcbernehmen daraufhin die Kontrolle in Deutschland.<\/p>\t\t\t\t\t\t\t\t<\/div>\n\t\t\t\t<\/div>\n\t\t\t\t<\/div>\n\t\t\t\t\t<\/details>\n\t\t\t\t\t\t<details id=\"e-n-accordion-item-15926\" class=\"e-n-accordion-item\" >\n\t\t\t\t<summary class=\"e-n-accordion-item-title\" data-accordion-index=\"27\" tabindex=\"-1\" aria-expanded=\"false\" aria-controls=\"e-n-accordion-item-15926\" >\n\t\t\t\t\t<span class='e-n-accordion-item-title-header'><div class=\"e-n-accordion-item-title-text\"> 1949 \u2013 Gr\u00fcndung von Bundesrepublik und DDR <\/div><\/span>\n\t\t\t\t\t\t\t<span class='e-n-accordion-item-title-icon'>\n\t\t\t<span class='e-opened' ><svg xmlns=\"http:\/\/www.w3.org\/2000\/svg\" width=\"45\" height=\"45\" viewBox=\"0 0 45 45\"><g id=\"Gruppe_2552\" data-name=\"Gruppe 2552\" transform=\"translate(-1021 -3793.411)\"><circle id=\"Ellipse_6\" data-name=\"Ellipse 6\" cx=\"22.5\" cy=\"22.5\" r=\"22.5\" transform=\"translate(1066 3838.411) rotate(180)\" fill=\"#740fd9\"><\/circle><line id=\"Linie_13\" data-name=\"Linie 13\" x1=\"17\" transform=\"translate(1052 3815.911) rotate(180)\" fill=\"none\" stroke=\"#f5e8ff\" stroke-width=\"3\"><\/line><\/g><\/svg><\/span>\n\t\t\t<span class='e-closed'><svg xmlns=\"http:\/\/www.w3.org\/2000\/svg\" width=\"45\" height=\"45\" viewBox=\"0 0 45 45\"><g id=\"Gruppe_2553\" data-name=\"Gruppe 2553\" transform=\"translate(-1021 -3793.411)\"><circle id=\"Ellipse_6\" data-name=\"Ellipse 6\" cx=\"22.5\" cy=\"22.5\" r=\"22.5\" transform=\"translate(1066 3838.411) rotate(180)\" fill=\"#740fd9\"><\/circle><line id=\"Linie_13\" data-name=\"Linie 13\" x1=\"17\" transform=\"translate(1052 3815.911) rotate(180)\" fill=\"none\" stroke=\"#f5e8ff\" stroke-width=\"3\"><\/line><line id=\"Linie_14\" data-name=\"Linie 14\" x1=\"17\" transform=\"translate(1043.5 3824.411) rotate(-90)\" fill=\"none\" stroke=\"#f5e8ff\" stroke-width=\"3\"><\/line><\/g><\/svg><\/span>\n\t\t<\/span>\n\n\t\t\t\t\t\t<\/summary>\n\t\t\t\t<div role=\"region\" aria-labelledby=\"e-n-accordion-item-15926\" class=\"elementor-element elementor-element-bccd239 e-con-full e-flex e-con e-child\" data-id=\"bccd239\" data-element_type=\"container\" data-e-type=\"container\">\n\t\t\t\t<div class=\"elementor-element elementor-element-3885588 elementor-widget elementor-widget-text-editor\" data-id=\"3885588\" data-element_type=\"widget\" data-e-type=\"widget\" data-widget_type=\"text-editor.default\">\n\t\t\t\t<div class=\"elementor-widget-container\">\n\t\t\t\t\t\t\t\t\t<p>Aufgrund un\u00fcberbr\u00fcckbarer ideologischer Differenzen zwischen den Siegerm\u00e4chten entsteht am 23. Mai 1949 die Bundesrepublik Deutschland als parlamentarische Demokratie und am 7. Oktober 1949 die Deutsche Demokratische Republik als sozialistischer Staat.<\/p>\t\t\t\t\t\t\t\t<\/div>\n\t\t\t\t<\/div>\n\t\t\t\t<\/div>\n\t\t\t\t\t<\/details>\n\t\t\t\t\t\t<details id=\"e-n-accordion-item-15927\" class=\"e-n-accordion-item\" >\n\t\t\t\t<summary class=\"e-n-accordion-item-title\" data-accordion-index=\"28\" tabindex=\"-1\" aria-expanded=\"false\" aria-controls=\"e-n-accordion-item-15927\" >\n\t\t\t\t\t<span class='e-n-accordion-item-title-header'><div class=\"e-n-accordion-item-title-text\"> 1961 \u2013 Bau der Berliner Mauer <\/div><\/span>\n\t\t\t\t\t\t\t<span class='e-n-accordion-item-title-icon'>\n\t\t\t<span class='e-opened' ><svg xmlns=\"http:\/\/www.w3.org\/2000\/svg\" width=\"45\" height=\"45\" viewBox=\"0 0 45 45\"><g id=\"Gruppe_2552\" data-name=\"Gruppe 2552\" transform=\"translate(-1021 -3793.411)\"><circle id=\"Ellipse_6\" data-name=\"Ellipse 6\" cx=\"22.5\" cy=\"22.5\" r=\"22.5\" transform=\"translate(1066 3838.411) rotate(180)\" fill=\"#740fd9\"><\/circle><line id=\"Linie_13\" data-name=\"Linie 13\" x1=\"17\" transform=\"translate(1052 3815.911) rotate(180)\" fill=\"none\" stroke=\"#f5e8ff\" stroke-width=\"3\"><\/line><\/g><\/svg><\/span>\n\t\t\t<span class='e-closed'><svg xmlns=\"http:\/\/www.w3.org\/2000\/svg\" width=\"45\" height=\"45\" viewBox=\"0 0 45 45\"><g id=\"Gruppe_2553\" data-name=\"Gruppe 2553\" transform=\"translate(-1021 -3793.411)\"><circle id=\"Ellipse_6\" data-name=\"Ellipse 6\" cx=\"22.5\" cy=\"22.5\" r=\"22.5\" transform=\"translate(1066 3838.411) rotate(180)\" fill=\"#740fd9\"><\/circle><line id=\"Linie_13\" data-name=\"Linie 13\" x1=\"17\" transform=\"translate(1052 3815.911) rotate(180)\" fill=\"none\" stroke=\"#f5e8ff\" stroke-width=\"3\"><\/line><line id=\"Linie_14\" data-name=\"Linie 14\" x1=\"17\" transform=\"translate(1043.5 3824.411) rotate(-90)\" fill=\"none\" stroke=\"#f5e8ff\" stroke-width=\"3\"><\/line><\/g><\/svg><\/span>\n\t\t<\/span>\n\n\t\t\t\t\t\t<\/summary>\n\t\t\t\t<div role=\"region\" aria-labelledby=\"e-n-accordion-item-15927\" class=\"elementor-element elementor-element-b28ece1 e-con-full e-flex e-con e-child\" data-id=\"b28ece1\" data-element_type=\"container\" data-e-type=\"container\">\n\t\t\t\t<div class=\"elementor-element elementor-element-816efd7 elementor-widget elementor-widget-text-editor\" data-id=\"816efd7\" data-element_type=\"widget\" data-e-type=\"widget\" data-widget_type=\"text-editor.default\">\n\t\t\t\t<div class=\"elementor-widget-container\">\n\t\t\t\t\t\t\t\t\t<p>Am 13. Oktober 1961 l\u00e4sst DDR-Regierung einen \u201eantifaschistischen Schutzwall\u201c errichten, um den sch\u00e4dlichen Einfluss des Westens auf die DDR einzud\u00e4mmen. Tats\u00e4chlich war das Hauptziel, die massenhafte Abwanderung von DDR-B\u00fcrgern in die BRD zu beenden.<\/p>\t\t\t\t\t\t\t\t<\/div>\n\t\t\t\t<\/div>\n\t\t\t\t<\/div>\n\t\t\t\t\t<\/details>\n\t\t\t\t\t\t<details id=\"e-n-accordion-item-15928\" class=\"e-n-accordion-item\" >\n\t\t\t\t<summary class=\"e-n-accordion-item-title\" data-accordion-index=\"29\" tabindex=\"-1\" aria-expanded=\"false\" aria-controls=\"e-n-accordion-item-15928\" >\n\t\t\t\t\t<span class='e-n-accordion-item-title-header'><div class=\"e-n-accordion-item-title-text\"> 1972 \u2013 Grundlagenvertrag zwischen BRD und DDR <\/div><\/span>\n\t\t\t\t\t\t\t<span class='e-n-accordion-item-title-icon'>\n\t\t\t<span class='e-opened' ><svg xmlns=\"http:\/\/www.w3.org\/2000\/svg\" width=\"45\" height=\"45\" viewBox=\"0 0 45 45\"><g id=\"Gruppe_2552\" data-name=\"Gruppe 2552\" transform=\"translate(-1021 -3793.411)\"><circle id=\"Ellipse_6\" data-name=\"Ellipse 6\" cx=\"22.5\" cy=\"22.5\" r=\"22.5\" transform=\"translate(1066 3838.411) rotate(180)\" fill=\"#740fd9\"><\/circle><line id=\"Linie_13\" data-name=\"Linie 13\" x1=\"17\" transform=\"translate(1052 3815.911) rotate(180)\" fill=\"none\" stroke=\"#f5e8ff\" stroke-width=\"3\"><\/line><\/g><\/svg><\/span>\n\t\t\t<span class='e-closed'><svg xmlns=\"http:\/\/www.w3.org\/2000\/svg\" width=\"45\" height=\"45\" viewBox=\"0 0 45 45\"><g id=\"Gruppe_2553\" data-name=\"Gruppe 2553\" transform=\"translate(-1021 -3793.411)\"><circle id=\"Ellipse_6\" data-name=\"Ellipse 6\" cx=\"22.5\" cy=\"22.5\" r=\"22.5\" transform=\"translate(1066 3838.411) rotate(180)\" fill=\"#740fd9\"><\/circle><line id=\"Linie_13\" data-name=\"Linie 13\" x1=\"17\" transform=\"translate(1052 3815.911) rotate(180)\" fill=\"none\" stroke=\"#f5e8ff\" stroke-width=\"3\"><\/line><line id=\"Linie_14\" data-name=\"Linie 14\" x1=\"17\" transform=\"translate(1043.5 3824.411) rotate(-90)\" fill=\"none\" stroke=\"#f5e8ff\" stroke-width=\"3\"><\/line><\/g><\/svg><\/span>\n\t\t<\/span>\n\n\t\t\t\t\t\t<\/summary>\n\t\t\t\t<div role=\"region\" aria-labelledby=\"e-n-accordion-item-15928\" class=\"elementor-element elementor-element-a9929b5 e-con-full e-flex e-con e-child\" data-id=\"a9929b5\" data-element_type=\"container\" data-e-type=\"container\">\n\t\t\t\t<div class=\"elementor-element elementor-element-defb70e elementor-widget elementor-widget-text-editor\" data-id=\"defb70e\" data-element_type=\"widget\" data-e-type=\"widget\" data-widget_type=\"text-editor.default\">\n\t\t\t\t<div class=\"elementor-widget-container\">\n\t\t\t\t\t\t\t\t\t<p>Lange hatte sich die BRD geweigert, die DDR als eigenst\u00e4ndigen Staat anzuerkennen und auf eine deutsche Wiedervereinigung gehofft. Im Grundlagenvertrag akzeptieren beide Staaten eine \u201efriedliche Koexistenz\u201d und beginnen eine engere Zusammenarbeit.<\/p>\t\t\t\t\t\t\t\t<\/div>\n\t\t\t\t<\/div>\n\t\t\t\t<\/div>\n\t\t\t\t\t<\/details>\n\t\t\t\t\t\t<details id=\"e-n-accordion-item-15929\" class=\"e-n-accordion-item\" >\n\t\t\t\t<summary class=\"e-n-accordion-item-title\" data-accordion-index=\"30\" tabindex=\"-1\" aria-expanded=\"false\" aria-controls=\"e-n-accordion-item-15929\" >\n\t\t\t\t\t<span class='e-n-accordion-item-title-header'><div class=\"e-n-accordion-item-title-text\"> 1989 \u2013 Mauerfall <\/div><\/span>\n\t\t\t\t\t\t\t<span class='e-n-accordion-item-title-icon'>\n\t\t\t<span class='e-opened' ><svg xmlns=\"http:\/\/www.w3.org\/2000\/svg\" width=\"45\" height=\"45\" viewBox=\"0 0 45 45\"><g id=\"Gruppe_2552\" data-name=\"Gruppe 2552\" transform=\"translate(-1021 -3793.411)\"><circle id=\"Ellipse_6\" data-name=\"Ellipse 6\" cx=\"22.5\" cy=\"22.5\" r=\"22.5\" transform=\"translate(1066 3838.411) rotate(180)\" fill=\"#740fd9\"><\/circle><line id=\"Linie_13\" data-name=\"Linie 13\" x1=\"17\" transform=\"translate(1052 3815.911) rotate(180)\" fill=\"none\" stroke=\"#f5e8ff\" stroke-width=\"3\"><\/line><\/g><\/svg><\/span>\n\t\t\t<span class='e-closed'><svg xmlns=\"http:\/\/www.w3.org\/2000\/svg\" width=\"45\" height=\"45\" viewBox=\"0 0 45 45\"><g id=\"Gruppe_2553\" data-name=\"Gruppe 2553\" transform=\"translate(-1021 -3793.411)\"><circle id=\"Ellipse_6\" data-name=\"Ellipse 6\" cx=\"22.5\" cy=\"22.5\" r=\"22.5\" transform=\"translate(1066 3838.411) rotate(180)\" fill=\"#740fd9\"><\/circle><line id=\"Linie_13\" data-name=\"Linie 13\" x1=\"17\" transform=\"translate(1052 3815.911) rotate(180)\" fill=\"none\" stroke=\"#f5e8ff\" stroke-width=\"3\"><\/line><line id=\"Linie_14\" data-name=\"Linie 14\" x1=\"17\" transform=\"translate(1043.5 3824.411) rotate(-90)\" fill=\"none\" stroke=\"#f5e8ff\" stroke-width=\"3\"><\/line><\/g><\/svg><\/span>\n\t\t<\/span>\n\n\t\t\t\t\t\t<\/summary>\n\t\t\t\t<div role=\"region\" aria-labelledby=\"e-n-accordion-item-15929\" class=\"elementor-element elementor-element-418a3e5 e-con-full e-flex e-con e-child\" data-id=\"418a3e5\" data-element_type=\"container\" data-e-type=\"container\">\n\t\t\t\t<div class=\"elementor-element elementor-element-7e0cad3 elementor-widget elementor-widget-text-editor\" data-id=\"7e0cad3\" data-element_type=\"widget\" data-e-type=\"widget\" data-widget_type=\"text-editor.default\">\n\t\t\t\t<div class=\"elementor-widget-container\">\n\t\t\t\t\t\t\t\t\t<p>Zunehmende politische und soziale Spannungen f\u00fchren in der DDR zu einer friedlichen Protestbewegung. Der Ruf nach politischen Reformen setzt die DDR-Regierung stark unter Druck, ein Kommunikationsfehler sorgt am 9. November 1989 daf\u00fcr, dass die Mauer f\u00e4llt.<\/p>\t\t\t\t\t\t\t\t<\/div>\n\t\t\t\t<\/div>\n\t\t\t\t<\/div>\n\t\t\t\t\t<\/details>\n\t\t\t\t\t\t<details id=\"e-n-accordion-item-15930\" class=\"e-n-accordion-item\" >\n\t\t\t\t<summary class=\"e-n-accordion-item-title\" data-accordion-index=\"31\" tabindex=\"-1\" aria-expanded=\"false\" aria-controls=\"e-n-accordion-item-15930\" >\n\t\t\t\t\t<span class='e-n-accordion-item-title-header'><div class=\"e-n-accordion-item-title-text\"> 1990 \u2013 Wiedervereinigung <\/div><\/span>\n\t\t\t\t\t\t\t<span class='e-n-accordion-item-title-icon'>\n\t\t\t<span class='e-opened' ><svg xmlns=\"http:\/\/www.w3.org\/2000\/svg\" width=\"45\" height=\"45\" viewBox=\"0 0 45 45\"><g id=\"Gruppe_2552\" data-name=\"Gruppe 2552\" transform=\"translate(-1021 -3793.411)\"><circle id=\"Ellipse_6\" data-name=\"Ellipse 6\" cx=\"22.5\" cy=\"22.5\" r=\"22.5\" transform=\"translate(1066 3838.411) rotate(180)\" fill=\"#740fd9\"><\/circle><line id=\"Linie_13\" data-name=\"Linie 13\" x1=\"17\" transform=\"translate(1052 3815.911) rotate(180)\" fill=\"none\" stroke=\"#f5e8ff\" stroke-width=\"3\"><\/line><\/g><\/svg><\/span>\n\t\t\t<span class='e-closed'><svg xmlns=\"http:\/\/www.w3.org\/2000\/svg\" width=\"45\" height=\"45\" viewBox=\"0 0 45 45\"><g id=\"Gruppe_2553\" data-name=\"Gruppe 2553\" transform=\"translate(-1021 -3793.411)\"><circle id=\"Ellipse_6\" data-name=\"Ellipse 6\" cx=\"22.5\" cy=\"22.5\" r=\"22.5\" transform=\"translate(1066 3838.411) rotate(180)\" fill=\"#740fd9\"><\/circle><line id=\"Linie_13\" data-name=\"Linie 13\" x1=\"17\" transform=\"translate(1052 3815.911) rotate(180)\" fill=\"none\" stroke=\"#f5e8ff\" stroke-width=\"3\"><\/line><line id=\"Linie_14\" data-name=\"Linie 14\" x1=\"17\" transform=\"translate(1043.5 3824.411) rotate(-90)\" fill=\"none\" stroke=\"#f5e8ff\" stroke-width=\"3\"><\/line><\/g><\/svg><\/span>\n\t\t<\/span>\n\n\t\t\t\t\t\t<\/summary>\n\t\t\t\t<div role=\"region\" aria-labelledby=\"e-n-accordion-item-15930\" class=\"elementor-element elementor-element-4159273 e-con-full e-flex e-con e-child\" data-id=\"4159273\" data-element_type=\"container\" data-e-type=\"container\">\n\t\t\t\t<div class=\"elementor-element elementor-element-2e06a17 elementor-widget elementor-widget-text-editor\" data-id=\"2e06a17\" data-element_type=\"widget\" data-e-type=\"widget\" data-widget_type=\"text-editor.default\">\n\t\t\t\t<div class=\"elementor-widget-container\">\n\t\t\t\t\t\t\t\t\t<p>Die friedliche Revolution in der DDR und der Untergang der SED-Diktatur bilden die Grundlage f\u00fcr die deutsche Wiedervereinigung. Nach Kl\u00e4rung der Formalit\u00e4ten zwischen den Siegerm\u00e4chten und den deutschen Regierungen tritt die DDR am 3. Oktober der BRD bei.<\/p>\t\t\t\t\t\t\t\t<\/div>\n\t\t\t\t<\/div>\n\t\t\t\t<\/div>\n\t\t\t\t\t<\/details>\n\t\t\t\t\t\t<details id=\"e-n-accordion-item-15931\" class=\"e-n-accordion-item\" >\n\t\t\t\t<summary class=\"e-n-accordion-item-title\" data-accordion-index=\"32\" tabindex=\"-1\" aria-expanded=\"false\" aria-controls=\"e-n-accordion-item-15931\" >\n\t\t\t\t\t<span class='e-n-accordion-item-title-header'><div class=\"e-n-accordion-item-title-text\"> 1992 \u2013 Gr\u00fcndung der Europ\u00e4ischen Union  <\/div><\/span>\n\t\t\t\t\t\t\t<span class='e-n-accordion-item-title-icon'>\n\t\t\t<span class='e-opened' ><svg xmlns=\"http:\/\/www.w3.org\/2000\/svg\" width=\"45\" height=\"45\" viewBox=\"0 0 45 45\"><g id=\"Gruppe_2552\" data-name=\"Gruppe 2552\" transform=\"translate(-1021 -3793.411)\"><circle id=\"Ellipse_6\" data-name=\"Ellipse 6\" cx=\"22.5\" cy=\"22.5\" r=\"22.5\" transform=\"translate(1066 3838.411) rotate(180)\" fill=\"#740fd9\"><\/circle><line id=\"Linie_13\" data-name=\"Linie 13\" x1=\"17\" transform=\"translate(1052 3815.911) rotate(180)\" fill=\"none\" stroke=\"#f5e8ff\" stroke-width=\"3\"><\/line><\/g><\/svg><\/span>\n\t\t\t<span class='e-closed'><svg xmlns=\"http:\/\/www.w3.org\/2000\/svg\" width=\"45\" height=\"45\" viewBox=\"0 0 45 45\"><g id=\"Gruppe_2553\" data-name=\"Gruppe 2553\" transform=\"translate(-1021 -3793.411)\"><circle id=\"Ellipse_6\" data-name=\"Ellipse 6\" cx=\"22.5\" cy=\"22.5\" r=\"22.5\" transform=\"translate(1066 3838.411) rotate(180)\" fill=\"#740fd9\"><\/circle><line id=\"Linie_13\" data-name=\"Linie 13\" x1=\"17\" transform=\"translate(1052 3815.911) rotate(180)\" fill=\"none\" stroke=\"#f5e8ff\" stroke-width=\"3\"><\/line><line id=\"Linie_14\" data-name=\"Linie 14\" x1=\"17\" transform=\"translate(1043.5 3824.411) rotate(-90)\" fill=\"none\" stroke=\"#f5e8ff\" stroke-width=\"3\"><\/line><\/g><\/svg><\/span>\n\t\t<\/span>\n\n\t\t\t\t\t\t<\/summary>\n\t\t\t\t<div role=\"region\" aria-labelledby=\"e-n-accordion-item-15931\" class=\"elementor-element elementor-element-17fd26e e-con-full e-flex e-con e-child\" data-id=\"17fd26e\" data-element_type=\"container\" data-e-type=\"container\">\n\t\t\t\t<div class=\"elementor-element elementor-element-65ea9ba elementor-widget elementor-widget-text-editor\" data-id=\"65ea9ba\" data-element_type=\"widget\" data-e-type=\"widget\" data-widget_type=\"text-editor.default\">\n\t\t\t\t<div class=\"elementor-widget-container\">\n\t\t\t\t\t\t\t\t\t<p>Mit der Unterzeichnung des Vertrags von Maastricht am <a href=\"https:\/\/www.deutschlandmuseum.de\/geschichte\/kalender\/1992-02-07-vertrag-von-maastricht\/\">7. Februar 1992<\/a> wird die Gr\u00fcndung der Europ\u00e4ischen Union beschlossen. Ziel ist die Schaffung einer engeren politischen und wirtschaftlichen Zusammenarbeit zwischen den Mitgliedstaaten.<\/p>\t\t\t\t\t\t\t\t<\/div>\n\t\t\t\t<\/div>\n\t\t\t\t<\/div>\n\t\t\t\t\t<\/details>\n\t\t\t\t\t\t<details id=\"e-n-accordion-item-15932\" class=\"e-n-accordion-item\" >\n\t\t\t\t<summary class=\"e-n-accordion-item-title\" data-accordion-index=\"33\" tabindex=\"-1\" aria-expanded=\"false\" aria-controls=\"e-n-accordion-item-15932\" >\n\t\t\t\t\t<span class='e-n-accordion-item-title-header'><div class=\"e-n-accordion-item-title-text\"> 2002 \u2013 Einf\u00fchrung des Euro als Bargeld <\/div><\/span>\n\t\t\t\t\t\t\t<span class='e-n-accordion-item-title-icon'>\n\t\t\t<span class='e-opened' ><svg xmlns=\"http:\/\/www.w3.org\/2000\/svg\" width=\"45\" height=\"45\" viewBox=\"0 0 45 45\"><g id=\"Gruppe_2552\" data-name=\"Gruppe 2552\" transform=\"translate(-1021 -3793.411)\"><circle id=\"Ellipse_6\" data-name=\"Ellipse 6\" cx=\"22.5\" cy=\"22.5\" r=\"22.5\" transform=\"translate(1066 3838.411) rotate(180)\" fill=\"#740fd9\"><\/circle><line id=\"Linie_13\" data-name=\"Linie 13\" x1=\"17\" transform=\"translate(1052 3815.911) rotate(180)\" fill=\"none\" stroke=\"#f5e8ff\" stroke-width=\"3\"><\/line><\/g><\/svg><\/span>\n\t\t\t<span class='e-closed'><svg xmlns=\"http:\/\/www.w3.org\/2000\/svg\" width=\"45\" height=\"45\" viewBox=\"0 0 45 45\"><g id=\"Gruppe_2553\" data-name=\"Gruppe 2553\" transform=\"translate(-1021 -3793.411)\"><circle id=\"Ellipse_6\" data-name=\"Ellipse 6\" cx=\"22.5\" cy=\"22.5\" r=\"22.5\" transform=\"translate(1066 3838.411) rotate(180)\" fill=\"#740fd9\"><\/circle><line id=\"Linie_13\" data-name=\"Linie 13\" x1=\"17\" transform=\"translate(1052 3815.911) rotate(180)\" fill=\"none\" stroke=\"#f5e8ff\" stroke-width=\"3\"><\/line><line id=\"Linie_14\" data-name=\"Linie 14\" x1=\"17\" transform=\"translate(1043.5 3824.411) rotate(-90)\" fill=\"none\" stroke=\"#f5e8ff\" stroke-width=\"3\"><\/line><\/g><\/svg><\/span>\n\t\t<\/span>\n\n\t\t\t\t\t\t<\/summary>\n\t\t\t\t<div role=\"region\" aria-labelledby=\"e-n-accordion-item-15932\" class=\"elementor-element elementor-element-f77d064 e-con-full e-flex e-con e-child\" data-id=\"f77d064\" data-element_type=\"container\" data-e-type=\"container\">\n\t\t\t\t<div class=\"elementor-element elementor-element-a9ea9df elementor-widget elementor-widget-text-editor\" data-id=\"a9ea9df\" data-element_type=\"widget\" data-e-type=\"widget\" data-widget_type=\"text-editor.default\">\n\t\t\t\t<div class=\"elementor-widget-container\">\n\t\t\t\t\t\t\t\t\t<p>Ein wichtiges Ziel der EU war der Ausbau der wirtschaftlichen Zusammenarbeit durch Schaffung eines gemeinsamen Marktes. Um den Handel zwischen den EU-Staaten zu erleichtern, kommt es 2002 zur Einf\u00fchrung einer einheitlichen W\u00e4hrung, dem Euro.<\/p>\t\t\t\t\t\t\t\t<\/div>\n\t\t\t\t<\/div>\n\t\t\t\t<\/div>\n\t\t\t\t\t<\/details>\n\t\t\t\t\t\t<details id=\"e-n-accordion-item-15933\" class=\"e-n-accordion-item\" >\n\t\t\t\t<summary class=\"e-n-accordion-item-title\" data-accordion-index=\"34\" tabindex=\"-1\" aria-expanded=\"false\" aria-controls=\"e-n-accordion-item-15933\" >\n\t\t\t\t\t<span class='e-n-accordion-item-title-header'><div class=\"e-n-accordion-item-title-text\"> 2006 \u2013 \u201eSommerm\u00e4rchen\u201c: Herren-Fu\u00dfball-WM in Deutschland <\/div><\/span>\n\t\t\t\t\t\t\t<span class='e-n-accordion-item-title-icon'>\n\t\t\t<span class='e-opened' ><svg xmlns=\"http:\/\/www.w3.org\/2000\/svg\" width=\"45\" height=\"45\" viewBox=\"0 0 45 45\"><g id=\"Gruppe_2552\" data-name=\"Gruppe 2552\" transform=\"translate(-1021 -3793.411)\"><circle id=\"Ellipse_6\" data-name=\"Ellipse 6\" cx=\"22.5\" cy=\"22.5\" r=\"22.5\" transform=\"translate(1066 3838.411) rotate(180)\" fill=\"#740fd9\"><\/circle><line id=\"Linie_13\" data-name=\"Linie 13\" x1=\"17\" transform=\"translate(1052 3815.911) rotate(180)\" fill=\"none\" stroke=\"#f5e8ff\" stroke-width=\"3\"><\/line><\/g><\/svg><\/span>\n\t\t\t<span class='e-closed'><svg xmlns=\"http:\/\/www.w3.org\/2000\/svg\" width=\"45\" height=\"45\" viewBox=\"0 0 45 45\"><g id=\"Gruppe_2553\" data-name=\"Gruppe 2553\" transform=\"translate(-1021 -3793.411)\"><circle id=\"Ellipse_6\" data-name=\"Ellipse 6\" cx=\"22.5\" cy=\"22.5\" r=\"22.5\" transform=\"translate(1066 3838.411) rotate(180)\" fill=\"#740fd9\"><\/circle><line id=\"Linie_13\" data-name=\"Linie 13\" x1=\"17\" transform=\"translate(1052 3815.911) rotate(180)\" fill=\"none\" stroke=\"#f5e8ff\" stroke-width=\"3\"><\/line><line id=\"Linie_14\" data-name=\"Linie 14\" x1=\"17\" transform=\"translate(1043.5 3824.411) rotate(-90)\" fill=\"none\" stroke=\"#f5e8ff\" stroke-width=\"3\"><\/line><\/g><\/svg><\/span>\n\t\t<\/span>\n\n\t\t\t\t\t\t<\/summary>\n\t\t\t\t<div role=\"region\" aria-labelledby=\"e-n-accordion-item-15933\" class=\"elementor-element elementor-element-e65e5c8 e-con-full e-flex e-con e-child\" data-id=\"e65e5c8\" data-element_type=\"container\" data-e-type=\"container\">\n\t\t\t\t<div class=\"elementor-element elementor-element-dcc4039 elementor-widget elementor-widget-text-editor\" data-id=\"dcc4039\" data-element_type=\"widget\" data-e-type=\"widget\" data-widget_type=\"text-editor.default\">\n\t\t\t\t<div class=\"elementor-widget-container\">\n\t\t\t\t\t\t\t\t\t<p>Auch ohne Titelgewinn im eigenen Land bleibt die WM 2006 allseits in positiver Erinnerung. Die gastfreundlichen und ausgelassen feiernden Deutschen verbessern das Image des Landes im Ausland nachhaltig. Einige aber sehen den neuen Nationalismus mit Sorge.<\/p>\t\t\t\t\t\t\t\t<\/div>\n\t\t\t\t<\/div>\n\t\t\t\t<\/div>\n\t\t\t\t\t<\/details>\n\t\t\t\t\t<\/div>\n\t\t\t\t\t\t<\/div>\n\t\t\t\t<\/div>\n\t\t\t\t<\/div>\n\t\t\t\t<\/div>\n\t\t\t\t<\/div>\n\t\t\t\t\t\t<\/div>\n\t\t\t\t<\/div>\n\t\t\t\t<\/div>\n\t\t\t\t\t<\/div>\n\t\t\t\t<\/div>\n\t\t<div class=\"elementor-element elementor-element-e776378 e-con-full e-flex e-con e-child\" data-id=\"e776378\" data-element_type=\"container\" data-e-type=\"container\" data-settings=\"{&quot;background_background&quot;:&quot;classic&quot;}\">\n\t\t<div class=\"elementor-element elementor-element-43c7ef3 e-flex e-con-boxed e-con e-child\" data-id=\"43c7ef3\" data-element_type=\"container\" data-e-type=\"container\">\n\t\t\t\t\t<div class=\"e-con-inner\">\n\t\t\t\t<div class=\"elementor-element elementor-element-630db76 dm-accordion elementor-widget__width-inherit elementor-widget elementor-widget-eael-adv-accordion\" data-id=\"630db76\" data-element_type=\"widget\" data-e-type=\"widget\" data-widget_type=\"eael-adv-accordion.default\">\n\t\t\t\t<div class=\"elementor-widget-container\">\n\t\t\t\t\t            <div class=\"eael-adv-accordion\" id=\"eael-adv-accordion-630db76\" data-scroll-on-click=\"no\" data-scroll-speed=\"300\" data-accordion-id=\"630db76\" data-accordion-type=\"accordion\" data-toogle-speed=\"300\">\n            <div class=\"eael-accordion-list\">\n\t\t\t\t\t<div id=\"what-history-museums-are-there-in-berlin\" class=\"elementor-tab-title eael-accordion-header\" tabindex=\"0\" data-tab=\"1\" aria-controls=\"elementor-tab-content-1031\"><span class=\"fa-accordion-icon fa-accordion-icon-svg eaa-svg eael-advanced-accordion-icon-closed\"><svg xmlns=\"http:\/\/www.w3.org\/2000\/svg\" width=\"45\" height=\"45\" viewBox=\"0 0 45 45\"><g id=\"Gruppe_2553\" data-name=\"Gruppe 2553\" transform=\"translate(-1021 -3793.411)\"><circle id=\"Ellipse_6\" data-name=\"Ellipse 6\" cx=\"22.5\" cy=\"22.5\" r=\"22.5\" transform=\"translate(1066 3838.411) rotate(180)\" fill=\"#740fd9\"><\/circle><line id=\"Linie_13\" data-name=\"Linie 13\" x1=\"17\" transform=\"translate(1052 3815.911) rotate(180)\" fill=\"none\" stroke=\"#f5e8ff\" stroke-width=\"3\"><\/line><line id=\"Linie_14\" data-name=\"Linie 14\" x1=\"17\" transform=\"translate(1043.5 3824.411) rotate(-90)\" fill=\"none\" stroke=\"#f5e8ff\" stroke-width=\"3\"><\/line><\/g><\/svg><\/span><span class=\"fa-accordion-icon fa-accordion-icon-svg eaa-svg eael-advanced-accordion-icon-opened\"><svg xmlns=\"http:\/\/www.w3.org\/2000\/svg\" width=\"45\" height=\"45\" viewBox=\"0 0 45 45\"><g id=\"Gruppe_2552\" data-name=\"Gruppe 2552\" transform=\"translate(-1021 -3793.411)\"><circle id=\"Ellipse_6\" data-name=\"Ellipse 6\" cx=\"22.5\" cy=\"22.5\" r=\"22.5\" transform=\"translate(1066 3838.411) rotate(180)\" fill=\"#740fd9\"><\/circle><line id=\"Linie_13\" data-name=\"Linie 13\" x1=\"17\" transform=\"translate(1052 3815.911) rotate(180)\" fill=\"none\" stroke=\"#f5e8ff\" stroke-width=\"3\"><\/line><\/g><\/svg><\/span><span class=\"eael-accordion-tab-title\">What history museums are there in Berlin?<\/span><\/div><div id=\"elementor-tab-content-1031\" class=\"eael-accordion-content clearfix\" data-tab=\"1\" aria-labelledby=\"what-history-museums-are-there-in-berlin\"><p>There are several history museums in Berlin. The German Historical Museum is one of them, as is the GDR Museum. The Deutschlandmuseum is a globally unique type of history museum, having received multiple awards for its innovative approach to presenting history.  <\/p>\n<\/div>\n\t\t\t\t\t<\/div><div class=\"eael-accordion-list\">\n\t\t\t\t\t<div id=\"which-museums-focus-on-german-history\" class=\"elementor-tab-title eael-accordion-header\" tabindex=\"0\" data-tab=\"2\" aria-controls=\"elementor-tab-content-1032\"><span class=\"fa-accordion-icon fa-accordion-icon-svg eaa-svg eael-advanced-accordion-icon-closed\"><svg xmlns=\"http:\/\/www.w3.org\/2000\/svg\" width=\"45\" height=\"45\" viewBox=\"0 0 45 45\"><g id=\"Gruppe_2553\" data-name=\"Gruppe 2553\" transform=\"translate(-1021 -3793.411)\"><circle id=\"Ellipse_6\" data-name=\"Ellipse 6\" cx=\"22.5\" cy=\"22.5\" r=\"22.5\" transform=\"translate(1066 3838.411) rotate(180)\" fill=\"#740fd9\"><\/circle><line id=\"Linie_13\" data-name=\"Linie 13\" x1=\"17\" transform=\"translate(1052 3815.911) rotate(180)\" fill=\"none\" stroke=\"#f5e8ff\" stroke-width=\"3\"><\/line><line id=\"Linie_14\" data-name=\"Linie 14\" x1=\"17\" transform=\"translate(1043.5 3824.411) rotate(-90)\" fill=\"none\" stroke=\"#f5e8ff\" stroke-width=\"3\"><\/line><\/g><\/svg><\/span><span class=\"fa-accordion-icon fa-accordion-icon-svg eaa-svg eael-advanced-accordion-icon-opened\"><svg xmlns=\"http:\/\/www.w3.org\/2000\/svg\" width=\"45\" height=\"45\" viewBox=\"0 0 45 45\"><g id=\"Gruppe_2552\" data-name=\"Gruppe 2552\" transform=\"translate(-1021 -3793.411)\"><circle id=\"Ellipse_6\" data-name=\"Ellipse 6\" cx=\"22.5\" cy=\"22.5\" r=\"22.5\" transform=\"translate(1066 3838.411) rotate(180)\" fill=\"#740fd9\"><\/circle><line id=\"Linie_13\" data-name=\"Linie 13\" x1=\"17\" transform=\"translate(1052 3815.911) rotate(180)\" fill=\"none\" stroke=\"#f5e8ff\" stroke-width=\"3\"><\/line><\/g><\/svg><\/span><span class=\"eael-accordion-tab-title\">Which museums focus on German history?<\/span><\/div><div id=\"elementor-tab-content-1032\" class=\"eael-accordion-content clearfix\" data-tab=\"2\" aria-labelledby=\"which-museums-focus-on-german-history\"><p>There are many museums presenting German history in Berlin. One thing, however, stands out: the Museum of Germany. Because here history can not only be viewed, but experienced with all senses.  <\/p>\n<\/div>\n\t\t\t\t\t<\/div><div class=\"eael-accordion-list\">\n\t\t\t\t\t<div id=\"where-is-there-currently-a-historical-exhibition-in-berlin\" class=\"elementor-tab-title eael-accordion-header\" tabindex=\"0\" data-tab=\"3\" aria-controls=\"elementor-tab-content-1033\"><span class=\"fa-accordion-icon fa-accordion-icon-svg eaa-svg eael-advanced-accordion-icon-closed\"><svg xmlns=\"http:\/\/www.w3.org\/2000\/svg\" width=\"45\" height=\"45\" viewBox=\"0 0 45 45\"><g id=\"Gruppe_2553\" data-name=\"Gruppe 2553\" transform=\"translate(-1021 -3793.411)\"><circle id=\"Ellipse_6\" data-name=\"Ellipse 6\" cx=\"22.5\" cy=\"22.5\" r=\"22.5\" transform=\"translate(1066 3838.411) rotate(180)\" fill=\"#740fd9\"><\/circle><line id=\"Linie_13\" data-name=\"Linie 13\" x1=\"17\" transform=\"translate(1052 3815.911) rotate(180)\" fill=\"none\" stroke=\"#f5e8ff\" stroke-width=\"3\"><\/line><line id=\"Linie_14\" data-name=\"Linie 14\" x1=\"17\" transform=\"translate(1043.5 3824.411) rotate(-90)\" fill=\"none\" stroke=\"#f5e8ff\" stroke-width=\"3\"><\/line><\/g><\/svg><\/span><span class=\"fa-accordion-icon fa-accordion-icon-svg eaa-svg eael-advanced-accordion-icon-opened\"><svg xmlns=\"http:\/\/www.w3.org\/2000\/svg\" width=\"45\" height=\"45\" viewBox=\"0 0 45 45\"><g id=\"Gruppe_2552\" data-name=\"Gruppe 2552\" transform=\"translate(-1021 -3793.411)\"><circle id=\"Ellipse_6\" data-name=\"Ellipse 6\" cx=\"22.5\" cy=\"22.5\" r=\"22.5\" transform=\"translate(1066 3838.411) rotate(180)\" fill=\"#740fd9\"><\/circle><line id=\"Linie_13\" data-name=\"Linie 13\" x1=\"17\" transform=\"translate(1052 3815.911) rotate(180)\" fill=\"none\" stroke=\"#f5e8ff\" stroke-width=\"3\"><\/line><\/g><\/svg><\/span><span class=\"eael-accordion-tab-title\">Where is there currently a historical exhibition in Berlin?<\/span><\/div><div id=\"elementor-tab-content-1033\" class=\"eael-accordion-content clearfix\" data-tab=\"3\" aria-labelledby=\"where-is-there-currently-a-historical-exhibition-in-berlin\"><p>The most innovative historical exhibition in Berlin awaits visitors at the Deutschlandmuseum. There you will find 2,000 years of German history from twelve different eras presented in an immersive and interactive way. Unique and incomparable, you can experience history here instead of just looking at it.<\/p>\n<\/div>\n\t\t\t\t\t<\/div><\/div>\t\t\t\t<\/div>\n\t\t\t\t<\/div>\n\t\t\t\t\t<\/div>\n\t\t\t\t<\/div>\n\t\t\t\t<\/div>\n\t\t\t\t<\/div>\n\t\t\t\t<\/div>\n\t\t","protected":false},"excerpt":{"rendered":"<p>The Immersive History Museum in Berlin What do you think of when you hear \u201cGerman History Museum\u201d? Roped-off exhibits, dusty statues, stone fragments and a lot of boredom perhaps? The Museum of German History is different: it is the only history museum of its kind in Berlin where you can take a journey through 2,000 [&hellip;]<\/p>\n","protected":false},"author":2,"featured_media":2380,"parent":0,"menu_order":0,"comment_status":"closed","ping_status":"closed","template":"","meta":{"_acf_changed":false,"footnotes":""},"epochenraum":[],"epochen":[],"class_list":["post-2278","page","type-page","status-publish","has-post-thumbnail","hentry"],"acf":[],"yoast_head":"<!-- This site is optimized with the Yoast SEO plugin v27.5 - https:\/\/yoast.com\/product\/yoast-seo-wordpress\/ -->\n<title>German history in a timeline: eras &amp; events<\/title>\n<meta name=\"description\" content=\"From the Varus Battle to the summer fairy tale: Discover German history in a timeline - with epochs, events and original objects.\" \/>\n<meta name=\"robots\" content=\"index, follow, max-snippet:-1, max-image-preview:large, max-video-preview:-1\" \/>\n<link rel=\"canonical\" href=\"https:\/\/staging.deutschlandmuseum.de\/en\/history\/\" \/>\n<meta property=\"og:locale\" content=\"en_US\" \/>\n<meta property=\"og:type\" content=\"article\" \/>\n<meta property=\"og:title\" content=\"German history in a timeline: eras &amp; events\" \/>\n<meta property=\"og:description\" content=\"From the Varus Battle to the summer fairy tale: Discover German history in a timeline - with epochs, events and original objects.\" \/>\n<meta property=\"og:url\" content=\"https:\/\/staging.deutschlandmuseum.de\/en\/history\/\" \/>\n<meta property=\"og:site_name\" content=\"Deutschlandmuseum\" \/>\n<meta property=\"article:modified_time\" content=\"2025-08-12T13:49:00+00:00\" \/>\n<meta property=\"og:image\" content=\"https:\/\/staging.deutschlandmuseum.de\/wp-content\/uploads\/2023\/06\/deutschegeschichte.jpg\" \/>\n\t<meta property=\"og:image:width\" content=\"1920\" \/>\n\t<meta property=\"og:image:height\" content=\"1080\" \/>\n\t<meta property=\"og:image:type\" content=\"image\/jpeg\" \/>\n<meta name=\"twitter:card\" content=\"summary_large_image\" \/>\n<meta name=\"twitter:label1\" content=\"Est. reading time\" \/>\n\t<meta name=\"twitter:data1\" content=\"3 minutes\" \/>\n<script type=\"application\/ld+json\" class=\"yoast-schema-graph\">{\"@context\":\"https:\\\/\\\/schema.org\",\"@graph\":[{\"@type\":\"WebPage\",\"@id\":\"https:\\\/\\\/staging.deutschlandmuseum.de\\\/en\\\/history\\\/\",\"url\":\"https:\\\/\\\/staging.deutschlandmuseum.de\\\/en\\\/history\\\/\",\"name\":\"German history in a timeline: eras & events\",\"isPartOf\":{\"@id\":\"https:\\\/\\\/staging.deutschlandmuseum.de\\\/en\\\/#website\"},\"primaryImageOfPage\":{\"@id\":\"https:\\\/\\\/staging.deutschlandmuseum.de\\\/en\\\/history\\\/#primaryimage\"},\"image\":{\"@id\":\"https:\\\/\\\/staging.deutschlandmuseum.de\\\/en\\\/history\\\/#primaryimage\"},\"thumbnailUrl\":\"https:\\\/\\\/staging.deutschlandmuseum.de\\\/wp-content\\\/uploads\\\/2023\\\/06\\\/deutschegeschichte.jpg\",\"datePublished\":\"2023-05-31T15:34:06+00:00\",\"dateModified\":\"2025-08-12T13:49:00+00:00\",\"description\":\"From the Varus Battle to the summer fairy tale: Discover German history in a timeline - with epochs, events and original objects.\",\"breadcrumb\":{\"@id\":\"https:\\\/\\\/staging.deutschlandmuseum.de\\\/en\\\/history\\\/#breadcrumb\"},\"inLanguage\":\"en-US\",\"potentialAction\":[{\"@type\":\"ReadAction\",\"target\":[\"https:\\\/\\\/staging.deutschlandmuseum.de\\\/en\\\/history\\\/\"]}]},{\"@type\":\"ImageObject\",\"inLanguage\":\"en-US\",\"@id\":\"https:\\\/\\\/staging.deutschlandmuseum.de\\\/en\\\/history\\\/#primaryimage\",\"url\":\"https:\\\/\\\/staging.deutschlandmuseum.de\\\/wp-content\\\/uploads\\\/2023\\\/06\\\/deutschegeschichte.jpg\",\"contentUrl\":\"https:\\\/\\\/staging.deutschlandmuseum.de\\\/wp-content\\\/uploads\\\/2023\\\/06\\\/deutschegeschichte.jpg\",\"width\":1920,\"height\":1080,\"caption\":\"Deutschland Museum\"},{\"@type\":\"BreadcrumbList\",\"@id\":\"https:\\\/\\\/staging.deutschlandmuseum.de\\\/en\\\/history\\\/#breadcrumb\",\"itemListElement\":[{\"@type\":\"ListItem\",\"position\":1,\"name\":\"Startseite\",\"item\":\"https:\\\/\\\/staging.deutschlandmuseum.de\\\/en\\\/\"},{\"@type\":\"ListItem\",\"position\":2,\"name\":\"The Deutschlandmuseum: A History Museum Like No Other\"}]},{\"@type\":\"WebSite\",\"@id\":\"https:\\\/\\\/staging.deutschlandmuseum.de\\\/en\\\/#website\",\"url\":\"https:\\\/\\\/staging.deutschlandmuseum.de\\\/en\\\/\",\"name\":\"Deutschlandmuseum\",\"description\":\"\",\"publisher\":{\"@id\":\"https:\\\/\\\/staging.deutschlandmuseum.de\\\/en\\\/#organization\"},\"potentialAction\":[{\"@type\":\"SearchAction\",\"target\":{\"@type\":\"EntryPoint\",\"urlTemplate\":\"https:\\\/\\\/staging.deutschlandmuseum.de\\\/en\\\/?s={search_term_string}\"},\"query-input\":{\"@type\":\"PropertyValueSpecification\",\"valueRequired\":true,\"valueName\":\"search_term_string\"}}],\"inLanguage\":\"en-US\"},{\"@type\":\"Organization\",\"@id\":\"https:\\\/\\\/staging.deutschlandmuseum.de\\\/en\\\/#organization\",\"name\":\"Deutschlandmuseum\",\"url\":\"https:\\\/\\\/staging.deutschlandmuseum.de\\\/en\\\/\",\"logo\":{\"@type\":\"ImageObject\",\"inLanguage\":\"en-US\",\"@id\":\"https:\\\/\\\/staging.deutschlandmuseum.de\\\/en\\\/#\\\/schema\\\/logo\\\/image\\\/\",\"url\":\"https:\\\/\\\/staging.deutschlandmuseum.de\\\/wp-content\\\/uploads\\\/2023\\\/05\\\/deutschlandmuseum-logo130.png\",\"contentUrl\":\"https:\\\/\\\/staging.deutschlandmuseum.de\\\/wp-content\\\/uploads\\\/2023\\\/05\\\/deutschlandmuseum-logo130.png\",\"width\":130,\"height\":115,\"caption\":\"Deutschlandmuseum\"},\"image\":{\"@id\":\"https:\\\/\\\/staging.deutschlandmuseum.de\\\/en\\\/#\\\/schema\\\/logo\\\/image\\\/\"}}]}<\/script>\n<!-- \/ Yoast SEO plugin. -->","yoast_head_json":{"title":"German history in a timeline: eras & events","description":"From the Varus Battle to the summer fairy tale: Discover German history in a timeline - with epochs, events and original objects.","robots":{"index":"index","follow":"follow","max-snippet":"max-snippet:-1","max-image-preview":"max-image-preview:large","max-video-preview":"max-video-preview:-1"},"canonical":"https:\/\/staging.deutschlandmuseum.de\/en\/history\/","og_locale":"en_US","og_type":"article","og_title":"German history in a timeline: eras & events","og_description":"From the Varus Battle to the summer fairy tale: Discover German history in a timeline - with epochs, events and original objects.","og_url":"https:\/\/staging.deutschlandmuseum.de\/en\/history\/","og_site_name":"Deutschlandmuseum","article_modified_time":"2025-08-12T13:49:00+00:00","og_image":[{"width":1920,"height":1080,"url":"https:\/\/staging.deutschlandmuseum.de\/wp-content\/uploads\/2023\/06\/deutschegeschichte.jpg","type":"image\/jpeg"}],"twitter_card":"summary_large_image","twitter_misc":{"Est. reading time":"3 minutes"},"schema":{"@context":"https:\/\/schema.org","@graph":[{"@type":"WebPage","@id":"https:\/\/staging.deutschlandmuseum.de\/en\/history\/","url":"https:\/\/staging.deutschlandmuseum.de\/en\/history\/","name":"German history in a timeline: eras & events","isPartOf":{"@id":"https:\/\/staging.deutschlandmuseum.de\/en\/#website"},"primaryImageOfPage":{"@id":"https:\/\/staging.deutschlandmuseum.de\/en\/history\/#primaryimage"},"image":{"@id":"https:\/\/staging.deutschlandmuseum.de\/en\/history\/#primaryimage"},"thumbnailUrl":"https:\/\/staging.deutschlandmuseum.de\/wp-content\/uploads\/2023\/06\/deutschegeschichte.jpg","datePublished":"2023-05-31T15:34:06+00:00","dateModified":"2025-08-12T13:49:00+00:00","description":"From the Varus Battle to the summer fairy tale: Discover German history in a timeline - with epochs, events and original objects.","breadcrumb":{"@id":"https:\/\/staging.deutschlandmuseum.de\/en\/history\/#breadcrumb"},"inLanguage":"en-US","potentialAction":[{"@type":"ReadAction","target":["https:\/\/staging.deutschlandmuseum.de\/en\/history\/"]}]},{"@type":"ImageObject","inLanguage":"en-US","@id":"https:\/\/staging.deutschlandmuseum.de\/en\/history\/#primaryimage","url":"https:\/\/staging.deutschlandmuseum.de\/wp-content\/uploads\/2023\/06\/deutschegeschichte.jpg","contentUrl":"https:\/\/staging.deutschlandmuseum.de\/wp-content\/uploads\/2023\/06\/deutschegeschichte.jpg","width":1920,"height":1080,"caption":"Deutschland Museum"},{"@type":"BreadcrumbList","@id":"https:\/\/staging.deutschlandmuseum.de\/en\/history\/#breadcrumb","itemListElement":[{"@type":"ListItem","position":1,"name":"Startseite","item":"https:\/\/staging.deutschlandmuseum.de\/en\/"},{"@type":"ListItem","position":2,"name":"The Deutschlandmuseum: A History Museum Like No Other"}]},{"@type":"WebSite","@id":"https:\/\/staging.deutschlandmuseum.de\/en\/#website","url":"https:\/\/staging.deutschlandmuseum.de\/en\/","name":"Deutschlandmuseum","description":"","publisher":{"@id":"https:\/\/staging.deutschlandmuseum.de\/en\/#organization"},"potentialAction":[{"@type":"SearchAction","target":{"@type":"EntryPoint","urlTemplate":"https:\/\/staging.deutschlandmuseum.de\/en\/?s={search_term_string}"},"query-input":{"@type":"PropertyValueSpecification","valueRequired":true,"valueName":"search_term_string"}}],"inLanguage":"en-US"},{"@type":"Organization","@id":"https:\/\/staging.deutschlandmuseum.de\/en\/#organization","name":"Deutschlandmuseum","url":"https:\/\/staging.deutschlandmuseum.de\/en\/","logo":{"@type":"ImageObject","inLanguage":"en-US","@id":"https:\/\/staging.deutschlandmuseum.de\/en\/#\/schema\/logo\/image\/","url":"https:\/\/staging.deutschlandmuseum.de\/wp-content\/uploads\/2023\/05\/deutschlandmuseum-logo130.png","contentUrl":"https:\/\/staging.deutschlandmuseum.de\/wp-content\/uploads\/2023\/05\/deutschlandmuseum-logo130.png","width":130,"height":115,"caption":"Deutschlandmuseum"},"image":{"@id":"https:\/\/staging.deutschlandmuseum.de\/en\/#\/schema\/logo\/image\/"}}]}},"_links":{"self":[{"href":"https:\/\/staging.deutschlandmuseum.de\/en\/wp-json\/wp\/v2\/pages\/2278","targetHints":{"allow":["GET"]}}],"collection":[{"href":"https:\/\/staging.deutschlandmuseum.de\/en\/wp-json\/wp\/v2\/pages"}],"about":[{"href":"https:\/\/staging.deutschlandmuseum.de\/en\/wp-json\/wp\/v2\/types\/page"}],"author":[{"embeddable":true,"href":"https:\/\/staging.deutschlandmuseum.de\/en\/wp-json\/wp\/v2\/users\/2"}],"replies":[{"embeddable":true,"href":"https:\/\/staging.deutschlandmuseum.de\/en\/wp-json\/wp\/v2\/comments?post=2278"}],"version-history":[{"count":29,"href":"https:\/\/staging.deutschlandmuseum.de\/en\/wp-json\/wp\/v2\/pages\/2278\/revisions"}],"predecessor-version":[{"id":20580,"href":"https:\/\/staging.deutschlandmuseum.de\/en\/wp-json\/wp\/v2\/pages\/2278\/revisions\/20580"}],"wp:featuredmedia":[{"embeddable":true,"href":"https:\/\/staging.deutschlandmuseum.de\/en\/wp-json\/wp\/v2\/media\/2380"}],"wp:attachment":[{"href":"https:\/\/staging.deutschlandmuseum.de\/en\/wp-json\/wp\/v2\/media?parent=2278"}],"wp:term":[{"taxonomy":"epochenraum","embeddable":true,"href":"https:\/\/staging.deutschlandmuseum.de\/en\/wp-json\/wp\/v2\/epochenraum?post=2278"},{"taxonomy":"epochen","embeddable":true,"href":"https:\/\/staging.deutschlandmuseum.de\/en\/wp-json\/wp\/v2\/epochen?post=2278"}],"curies":[{"name":"wp","href":"https:\/\/api.w.org\/{rel}","templated":true}]}}